{"id":13324,"date":"2023-12-09T05:29:10","date_gmt":"2023-12-09T05:29:10","guid":{"rendered":"https:\/\/www.ultimatebikehiremallorca.com\/?page_id=13324"},"modified":"2024-04-26T11:15:02","modified_gmt":"2024-04-26T11:15:02","slug":"blog","status":"publish","type":"page","link":"https:\/\/www.ultimatebikehiremallorca.com\/fr\/blog\/","title":{"rendered":"Blog"},"content":{"rendered":"<div data-elementor-type=\"wp-page\" data-elementor-id=\"13324\" class=\"elementor elementor-13324\" data-elementor-post-type=\"page\">\n\t\t\t\t<div class=\"elementor-element elementor-element-48637091 e-flex e-con-boxed e-con e-parent\" data-id=\"48637091\" data-element_type=\"container\">\n\t\t\t\t\t<div class=\"e-con-inner\">\n\t\t<div class=\"elementor-element elementor-element-4407db2a e-flex e-con-boxed e-con e-child\" data-id=\"4407db2a\" data-element_type=\"container\" data-settings=\"{&quot;background_background&quot;:&quot;gradient&quot;}\">\n\t\t\t\t\t<div class=\"e-con-inner\">\n\t\t\t\t<div class=\"elementor-element elementor-element-62ef0677 elementor-widget elementor-widget-heading\" data-id=\"62ef0677\" data-element_type=\"widget\" data-widget_type=\"heading.default\">\n\t\t\t\t<div class=\"elementor-widget-container\">\n\t\t\t\t\t<h1 class=\"elementor-heading-title elementor-size-default\">Blog<\/h1>\t\t\t\t<\/div>\n\t\t\t\t<\/div>\n\t\t\t\t<div class=\"elementor-element elementor-element-52e09218 elementor-widget__width-inherit elementor-widget elementor-widget-text-editor\" data-id=\"52e09218\" data-element_type=\"widget\" data-widget_type=\"text-editor.default\">\n\t\t\t\t<div class=\"elementor-widget-container\">\n\t\t\t\t\t\t\t\t\t<p>D\u00e9couvrez la beaut\u00e9 de Majorque avec Ultimate Bike Hire.<\/p>\t\t\t\t\t\t\t\t<\/div>\n\t\t\t\t<\/div>\n\t\t\t\t\t<\/div>\n\t\t\t\t<\/div>\n\t\t\t\t\t<\/div>\n\t\t\t\t<\/div>\n\t\t<div class=\"elementor-element elementor-element-4124df13 e-flex e-con-boxed e-con e-parent\" data-id=\"4124df13\" data-element_type=\"container\">\n\t\t\t\t\t<div class=\"e-con-inner\">\n\t\t\t\t<div class=\"elementor-element elementor-element-73e6c09a elementor-posts__hover-none elementor-posts--align-center elementor-grid-3 elementor-grid-tablet-2 elementor-grid-mobile-1 elementor-posts--thumbnail-top elementor-widget elementor-widget-posts\" data-id=\"73e6c09a\" data-element_type=\"widget\" data-settings=\"{&quot;cards_row_gap&quot;:{&quot;unit&quot;:&quot;px&quot;,&quot;size&quot;:80,&quot;sizes&quot;:[]},&quot;cards_row_gap_tablet&quot;:{&quot;unit&quot;:&quot;px&quot;,&quot;size&quot;:71,&quot;sizes&quot;:[]},&quot;cards_row_gap_mobile&quot;:{&quot;unit&quot;:&quot;px&quot;,&quot;size&quot;:30,&quot;sizes&quot;:[]},&quot;cards_columns&quot;:&quot;3&quot;,&quot;cards_columns_tablet&quot;:&quot;2&quot;,&quot;cards_columns_mobile&quot;:&quot;1&quot;,&quot;cards_row_gap_widescreen&quot;:{&quot;unit&quot;:&quot;px&quot;,&quot;size&quot;:&quot;&quot;,&quot;sizes&quot;:[]},&quot;cards_row_gap_laptop&quot;:{&quot;unit&quot;:&quot;px&quot;,&quot;size&quot;:&quot;&quot;,&quot;sizes&quot;:[]},&quot;cards_row_gap_tablet_extra&quot;:{&quot;unit&quot;:&quot;px&quot;,&quot;size&quot;:&quot;&quot;,&quot;sizes&quot;:[]},&quot;cards_row_gap_mobile_extra&quot;:{&quot;unit&quot;:&quot;px&quot;,&quot;size&quot;:&quot;&quot;,&quot;sizes&quot;:[]}}\" data-widget_type=\"posts.cards\">\n\t\t\t\t<div class=\"elementor-widget-container\">\n\t\t\t\t\t\t\t<div class=\"elementor-posts-container elementor-posts elementor-posts--skin-cards elementor-grid\" role=\"list\">\n\t\t\t\t<article class=\"elementor-post elementor-grid-item post-14223 post type-post status-publish format-standard has-post-thumbnail hentry category-bike-hire-mallorca tag-bike-hire-in-mallorca tag-bike-hire-mallorca tag-bike-rental-in-mallorca tag-mallorca-bike-hire\" role=\"listitem\">\n\t\t\t<div class=\"elementor-post__card\">\n\t\t\t\t<a class=\"elementor-post__thumbnail__link\" href=\"https:\/\/www.ultimatebikehiremallorca.com\/fr\/road-bike-hire-mallorca-best-bikes-for-cycling-in-mallorca\/\" tabindex=\"-1\" ><div class=\"elementor-post__thumbnail\"><img fetchpriority=\"high\" decoding=\"async\" width=\"1500\" height=\"1000\" src=\"https:\/\/www.ultimatebikehiremallorca.com\/wp-content\/uploads\/2026\/04\/Road-Bike-Hire-Mallorca-\u2013-Experience-Cycling-at-Its-Best.jpg\" class=\"attachment-full size-full wp-image-14224\" alt=\"Road Bike Hire Mallorca \u2013 Experience Cycling at Its Best\" srcset=\"https:\/\/www.ultimatebikehiremallorca.com\/wp-content\/uploads\/2026\/04\/Road-Bike-Hire-Mallorca-\u2013-Experience-Cycling-at-Its-Best.jpg 1500w, https:\/\/www.ultimatebikehiremallorca.com\/wp-content\/uploads\/2026\/04\/Road-Bike-Hire-Mallorca-\u2013-Experience-Cycling-at-Its-Best-300x200.jpg 300w, https:\/\/www.ultimatebikehiremallorca.com\/wp-content\/uploads\/2026\/04\/Road-Bike-Hire-Mallorca-\u2013-Experience-Cycling-at-Its-Best-1024x683.jpg 1024w, https:\/\/www.ultimatebikehiremallorca.com\/wp-content\/uploads\/2026\/04\/Road-Bike-Hire-Mallorca-\u2013-Experience-Cycling-at-Its-Best-768x512.jpg 768w, https:\/\/www.ultimatebikehiremallorca.com\/wp-content\/uploads\/2026\/04\/Road-Bike-Hire-Mallorca-\u2013-Experience-Cycling-at-Its-Best-18x12.jpg 18w\" sizes=\"(max-width: 1500px) 100vw, 1500px\" \/><\/div><\/a>\n\t\t\t\t<div class=\"elementor-post__text\">\n\t\t\t\t<h4 class=\"elementor-post__title\">\n\t\t\t<a href=\"https:\/\/www.ultimatebikehiremallorca.com\/fr\/road-bike-hire-mallorca-best-bikes-for-cycling-in-mallorca\/\" >\n\t\t\t\tRoad Bike Hire Mallorca \u2013 Experience Cycling at Its Best\t\t\t<\/a>\n\t\t<\/h4>\n\t\t\n\t\t<a class=\"elementor-post__read-more\" href=\"https:\/\/www.ultimatebikehiremallorca.com\/fr\/road-bike-hire-mallorca-best-bikes-for-cycling-in-mallorca\/\" aria-label=\"En savoir plus sur Road Bike Hire Mallorca \u2013 Experience Cycling at Its Best\" tabindex=\"-1\" >\n\t\t\tLire la suite\t\t<\/a>\n\n\t\t\t\t<\/div>\n\t\t\t\t\t<\/div>\n\t\t<\/article>\n\t\t\t\t<article class=\"elementor-post elementor-grid-item post-14215 post type-post status-publish format-standard has-post-thumbnail hentry category-bike-hire-mallorca tag-bike-hire-in-mallorca tag-bike-hire-mallorca tag-cycle-hire-mallorca\" role=\"listitem\">\n\t\t\t<div class=\"elementor-post__card\">\n\t\t\t\t<a class=\"elementor-post__thumbnail__link\" href=\"https:\/\/www.ultimatebikehiremallorca.com\/fr\/cheap-bike-hire-mallorca-affordable-reliable-bike-rental\/\" tabindex=\"-1\" ><div class=\"elementor-post__thumbnail\"><img decoding=\"async\" width=\"1500\" height=\"1125\" src=\"https:\/\/www.ultimatebikehiremallorca.com\/wp-content\/uploads\/2026\/04\/Cheap-Bike-Hire-Mallorca-\u2013-Affordable-Ways-to-Explore-the-Island.jpg\" class=\"attachment-full size-full wp-image-14216\" alt=\"Location de v\u00e9los Mallorca\" srcset=\"https:\/\/www.ultimatebikehiremallorca.com\/wp-content\/uploads\/2026\/04\/Cheap-Bike-Hire-Mallorca-\u2013-Affordable-Ways-to-Explore-the-Island.jpg 1500w, https:\/\/www.ultimatebikehiremallorca.com\/wp-content\/uploads\/2026\/04\/Cheap-Bike-Hire-Mallorca-\u2013-Affordable-Ways-to-Explore-the-Island-300x225.jpg 300w, https:\/\/www.ultimatebikehiremallorca.com\/wp-content\/uploads\/2026\/04\/Cheap-Bike-Hire-Mallorca-\u2013-Affordable-Ways-to-Explore-the-Island-1024x768.jpg 1024w, https:\/\/www.ultimatebikehiremallorca.com\/wp-content\/uploads\/2026\/04\/Cheap-Bike-Hire-Mallorca-\u2013-Affordable-Ways-to-Explore-the-Island-768x576.jpg 768w, https:\/\/www.ultimatebikehiremallorca.com\/wp-content\/uploads\/2026\/04\/Cheap-Bike-Hire-Mallorca-\u2013-Affordable-Ways-to-Explore-the-Island-16x12.jpg 16w\" sizes=\"(max-width: 1500px) 100vw, 1500px\" \/><\/div><\/a>\n\t\t\t\t<div class=\"elementor-post__text\">\n\t\t\t\t<h4 class=\"elementor-post__title\">\n\t\t\t<a href=\"https:\/\/www.ultimatebikehiremallorca.com\/fr\/cheap-bike-hire-mallorca-affordable-reliable-bike-rental\/\" >\n\t\t\t\tCheap Bike Hire Mallorca \u2013 Affordable Ways to Explore the Island\t\t\t<\/a>\n\t\t<\/h4>\n\t\t\n\t\t<a class=\"elementor-post__read-more\" href=\"https:\/\/www.ultimatebikehiremallorca.com\/fr\/cheap-bike-hire-mallorca-affordable-reliable-bike-rental\/\" aria-label=\"En savoir plus sur Cheap Bike Hire Mallorca \u2013 Affordable Ways to Explore the Island\" tabindex=\"-1\" >\n\t\t\tLire la suite\t\t<\/a>\n\n\t\t\t\t<\/div>\n\t\t\t\t\t<\/div>\n\t\t<\/article>\n\t\t\t\t<article class=\"elementor-post elementor-grid-item post-14209 post type-post status-publish format-standard has-post-thumbnail hentry category-hire-a-bike-in-mallorca tag-bike-hire-in-mallorca tag-bike-hire-mallorca tag-hire-a-bike-in-mallorca tag-mallorca-bike-hire\" role=\"listitem\">\n\t\t\t<div class=\"elementor-post__card\">\n\t\t\t\t<a class=\"elementor-post__thumbnail__link\" href=\"https:\/\/www.ultimatebikehiremallorca.com\/fr\/hire-a-bike-in-mallorca-for-a-week-easy-guide\/\" tabindex=\"-1\" ><div class=\"elementor-post__thumbnail\"><img decoding=\"async\" width=\"1500\" height=\"1000\" src=\"https:\/\/www.ultimatebikehiremallorca.com\/wp-content\/uploads\/2026\/04\/How-to-Hire-a-Bike-in-Mallorca-for-a-Week-\u2013-A-Complete-Guide.jpg\" class=\"attachment-full size-full wp-image-14211\" alt=\"How to Hire a Bike in Mallorca for a Week \u2013 A Complete Guide\" srcset=\"https:\/\/www.ultimatebikehiremallorca.com\/wp-content\/uploads\/2026\/04\/How-to-Hire-a-Bike-in-Mallorca-for-a-Week-\u2013-A-Complete-Guide.jpg 1500w, https:\/\/www.ultimatebikehiremallorca.com\/wp-content\/uploads\/2026\/04\/How-to-Hire-a-Bike-in-Mallorca-for-a-Week-\u2013-A-Complete-Guide-300x200.jpg 300w, https:\/\/www.ultimatebikehiremallorca.com\/wp-content\/uploads\/2026\/04\/How-to-Hire-a-Bike-in-Mallorca-for-a-Week-\u2013-A-Complete-Guide-1024x683.jpg 1024w, https:\/\/www.ultimatebikehiremallorca.com\/wp-content\/uploads\/2026\/04\/How-to-Hire-a-Bike-in-Mallorca-for-a-Week-\u2013-A-Complete-Guide-768x512.jpg 768w, https:\/\/www.ultimatebikehiremallorca.com\/wp-content\/uploads\/2026\/04\/How-to-Hire-a-Bike-in-Mallorca-for-a-Week-\u2013-A-Complete-Guide-18x12.jpg 18w\" sizes=\"(max-width: 1500px) 100vw, 1500px\" \/><\/div><\/a>\n\t\t\t\t<div class=\"elementor-post__text\">\n\t\t\t\t<h4 class=\"elementor-post__title\">\n\t\t\t<a href=\"https:\/\/www.ultimatebikehiremallorca.com\/fr\/hire-a-bike-in-mallorca-for-a-week-easy-guide\/\" >\n\t\t\t\tHow to Hire a Bike in Mallorca for a Week \u2013 A Complete Guide\t\t\t<\/a>\n\t\t<\/h4>\n\t\t\n\t\t<a class=\"elementor-post__read-more\" href=\"https:\/\/www.ultimatebikehiremallorca.com\/fr\/hire-a-bike-in-mallorca-for-a-week-easy-guide\/\" aria-label=\"En savoir plus sur How to Hire a Bike in Mallorca for a Week \u2013 A Complete Guide\" tabindex=\"-1\" >\n\t\t\tLire la suite\t\t<\/a>\n\n\t\t\t\t<\/div>\n\t\t\t\t\t<\/div>\n\t\t<\/article>\n\t\t\t\t<article class=\"elementor-post elementor-grid-item post-14204 post type-post status-publish format-standard has-post-thumbnail hentry category-hire-a-bike-in-mallorca tag-bike-hire-in-mallorca tag-hire-a-bike-in-mallorca tag-mallorca-bike-hire\" role=\"listitem\">\n\t\t\t<div class=\"elementor-post__card\">\n\t\t\t\t<a class=\"elementor-post__thumbnail__link\" href=\"https:\/\/www.ultimatebikehiremallorca.com\/fr\/how-to-hire-a-bike-in-mallorca-easy-step-by-step-guide\/\" tabindex=\"-1\" ><div class=\"elementor-post__thumbnail\"><img loading=\"lazy\" decoding=\"async\" width=\"1500\" height=\"999\" src=\"https:\/\/www.ultimatebikehiremallorca.com\/wp-content\/uploads\/2026\/04\/How-to-Hire-a-Bike-in-Mallorca-\u2013-A-Simple-Guide-for-First-Time-Visitors.jpg\" class=\"attachment-full size-full wp-image-14205\" alt=\"Hire a Bike in Mallorca\" srcset=\"https:\/\/www.ultimatebikehiremallorca.com\/wp-content\/uploads\/2026\/04\/How-to-Hire-a-Bike-in-Mallorca-\u2013-A-Simple-Guide-for-First-Time-Visitors.jpg 1500w, https:\/\/www.ultimatebikehiremallorca.com\/wp-content\/uploads\/2026\/04\/How-to-Hire-a-Bike-in-Mallorca-\u2013-A-Simple-Guide-for-First-Time-Visitors-300x200.jpg 300w, https:\/\/www.ultimatebikehiremallorca.com\/wp-content\/uploads\/2026\/04\/How-to-Hire-a-Bike-in-Mallorca-\u2013-A-Simple-Guide-for-First-Time-Visitors-1024x682.jpg 1024w, https:\/\/www.ultimatebikehiremallorca.com\/wp-content\/uploads\/2026\/04\/How-to-Hire-a-Bike-in-Mallorca-\u2013-A-Simple-Guide-for-First-Time-Visitors-768x511.jpg 768w, https:\/\/www.ultimatebikehiremallorca.com\/wp-content\/uploads\/2026\/04\/How-to-Hire-a-Bike-in-Mallorca-\u2013-A-Simple-Guide-for-First-Time-Visitors-18x12.jpg 18w\" sizes=\"(max-width: 1500px) 100vw, 1500px\" \/><\/div><\/a>\n\t\t\t\t<div class=\"elementor-post__text\">\n\t\t\t\t<h4 class=\"elementor-post__title\">\n\t\t\t<a href=\"https:\/\/www.ultimatebikehiremallorca.com\/fr\/how-to-hire-a-bike-in-mallorca-easy-step-by-step-guide\/\" >\n\t\t\t\tHow to Hire a Bike in Mallorca \u2013 A Simple Guide for First-Time Visitors\t\t\t<\/a>\n\t\t<\/h4>\n\t\t\n\t\t<a class=\"elementor-post__read-more\" href=\"https:\/\/www.ultimatebikehiremallorca.com\/fr\/how-to-hire-a-bike-in-mallorca-easy-step-by-step-guide\/\" aria-label=\"En savoir plus sur How to Hire a Bike in Mallorca \u2013 A Simple Guide for First-Time Visitors\" tabindex=\"-1\" >\n\t\t\tLire la suite\t\t<\/a>\n\n\t\t\t\t<\/div>\n\t\t\t\t\t<\/div>\n\t\t<\/article>\n\t\t\t\t<article class=\"elementor-post elementor-grid-item post-14198 post type-post status-publish format-standard has-post-thumbnail hentry category-bike-hire-in-mallorca tag-bike-hire-in-mallorca tag-bike-hire-mallorca tag-bike-hire-rental tag-cycling-vs-driving-in-mallorca\" role=\"listitem\">\n\t\t\t<div class=\"elementor-post__card\">\n\t\t\t\t<a class=\"elementor-post__thumbnail__link\" href=\"https:\/\/www.ultimatebikehiremallorca.com\/fr\/bike-hire-mallorca-easy-affordable-bike-rental-in-mallorca\/\" tabindex=\"-1\" ><div class=\"elementor-post__thumbnail\"><img loading=\"lazy\" decoding=\"async\" width=\"1500\" height=\"1000\" src=\"https:\/\/www.ultimatebikehiremallorca.com\/wp-content\/uploads\/2026\/04\/Bike-Hire-Mallorca-\u2013-A-Simple-Way-to-Explore-the-Island.jpg\" class=\"attachment-full size-full wp-image-14199\" alt=\"Bike Hire Mallorca \u2013 A Simple Way to Explore the Island\" srcset=\"https:\/\/www.ultimatebikehiremallorca.com\/wp-content\/uploads\/2026\/04\/Bike-Hire-Mallorca-\u2013-A-Simple-Way-to-Explore-the-Island.jpg 1500w, https:\/\/www.ultimatebikehiremallorca.com\/wp-content\/uploads\/2026\/04\/Bike-Hire-Mallorca-\u2013-A-Simple-Way-to-Explore-the-Island-300x200.jpg 300w, https:\/\/www.ultimatebikehiremallorca.com\/wp-content\/uploads\/2026\/04\/Bike-Hire-Mallorca-\u2013-A-Simple-Way-to-Explore-the-Island-1024x683.jpg 1024w, https:\/\/www.ultimatebikehiremallorca.com\/wp-content\/uploads\/2026\/04\/Bike-Hire-Mallorca-\u2013-A-Simple-Way-to-Explore-the-Island-768x512.jpg 768w, https:\/\/www.ultimatebikehiremallorca.com\/wp-content\/uploads\/2026\/04\/Bike-Hire-Mallorca-\u2013-A-Simple-Way-to-Explore-the-Island-18x12.jpg 18w\" sizes=\"(max-width: 1500px) 100vw, 1500px\" \/><\/div><\/a>\n\t\t\t\t<div class=\"elementor-post__text\">\n\t\t\t\t<h4 class=\"elementor-post__title\">\n\t\t\t<a href=\"https:\/\/www.ultimatebikehiremallorca.com\/fr\/bike-hire-mallorca-easy-affordable-bike-rental-in-mallorca\/\" >\n\t\t\t\tBike Hire Mallorca \u2013 A Simple Way to Explore the Island\t\t\t<\/a>\n\t\t<\/h4>\n\t\t\n\t\t<a class=\"elementor-post__read-more\" href=\"https:\/\/www.ultimatebikehiremallorca.com\/fr\/bike-hire-mallorca-easy-affordable-bike-rental-in-mallorca\/\" aria-label=\"En savoir plus sur Bike Hire Mallorca \u2013 A Simple Way to Explore the Island\" tabindex=\"-1\" >\n\t\t\tLire la suite\t\t<\/a>\n\n\t\t\t\t<\/div>\n\t\t\t\t\t<\/div>\n\t\t<\/article>\n\t\t\t\t<article class=\"elementor-post elementor-grid-item post-14194 post type-post status-publish format-standard has-post-thumbnail hentry category-bike-hire-in-mallorca tag-bike-rental-in-mallorca tag-mallorca-bike-hire\" role=\"listitem\">\n\t\t\t<div class=\"elementor-post__card\">\n\t\t\t\t<a class=\"elementor-post__thumbnail__link\" href=\"https:\/\/www.ultimatebikehiremallorca.com\/fr\/mallorca-bike-hire-ride-with-ultimate-bike-hire\/\" tabindex=\"-1\" ><div class=\"elementor-post__thumbnail\"><img loading=\"lazy\" decoding=\"async\" width=\"1500\" height=\"1000\" src=\"https:\/\/www.ultimatebikehiremallorca.com\/wp-content\/uploads\/2026\/04\/Mallorca-Bike-Hire-\u2013-The-Best-Way-to-Explore-the-Island.jpg\" class=\"attachment-full size-full wp-image-14195\" alt=\"Mallorca Bike Hire \u2013 The Best Way to Explore the Island\" srcset=\"https:\/\/www.ultimatebikehiremallorca.com\/wp-content\/uploads\/2026\/04\/Mallorca-Bike-Hire-\u2013-The-Best-Way-to-Explore-the-Island.jpg 1500w, https:\/\/www.ultimatebikehiremallorca.com\/wp-content\/uploads\/2026\/04\/Mallorca-Bike-Hire-\u2013-The-Best-Way-to-Explore-the-Island-300x200.jpg 300w, https:\/\/www.ultimatebikehiremallorca.com\/wp-content\/uploads\/2026\/04\/Mallorca-Bike-Hire-\u2013-The-Best-Way-to-Explore-the-Island-1024x683.jpg 1024w, https:\/\/www.ultimatebikehiremallorca.com\/wp-content\/uploads\/2026\/04\/Mallorca-Bike-Hire-\u2013-The-Best-Way-to-Explore-the-Island-768x512.jpg 768w, https:\/\/www.ultimatebikehiremallorca.com\/wp-content\/uploads\/2026\/04\/Mallorca-Bike-Hire-\u2013-The-Best-Way-to-Explore-the-Island-18x12.jpg 18w\" sizes=\"(max-width: 1500px) 100vw, 1500px\" \/><\/div><\/a>\n\t\t\t\t<div class=\"elementor-post__text\">\n\t\t\t\t<h4 class=\"elementor-post__title\">\n\t\t\t<a href=\"https:\/\/www.ultimatebikehiremallorca.com\/fr\/mallorca-bike-hire-ride-with-ultimate-bike-hire\/\" >\n\t\t\t\tMallorca Bike Hire \u2013 The Best Way to Explore the Island\t\t\t<\/a>\n\t\t<\/h4>\n\t\t\n\t\t<a class=\"elementor-post__read-more\" href=\"https:\/\/www.ultimatebikehiremallorca.com\/fr\/mallorca-bike-hire-ride-with-ultimate-bike-hire\/\" aria-label=\"En savoir plus sur Mallorca Bike Hire \u2013 The Best Way to Explore the Island\" tabindex=\"-1\" >\n\t\t\tLire la suite\t\t<\/a>\n\n\t\t\t\t<\/div>\n\t\t\t\t\t<\/div>\n\t\t<\/article>\n\t\t\t\t<article class=\"elementor-post elementor-grid-item post-14170 post type-post status-publish format-standard has-post-thumbnail hentry category-mallorca-bike-hire tag-benefit-of-cycling tag-bike-hire-in-mallorca tag-bike-rental-in-mallorca tag-mallorca-bike-hire\" role=\"listitem\">\n\t\t\t<div class=\"elementor-post__card\">\n\t\t\t\t<a class=\"elementor-post__thumbnail__link\" href=\"https:\/\/www.ultimatebikehiremallorca.com\/fr\/mallorca-bike-hire-affordable-premium-bike-rental-in-mallorca\/\" tabindex=\"-1\" ><div class=\"elementor-post__thumbnail\"><img loading=\"lazy\" decoding=\"async\" width=\"1500\" height=\"1000\" src=\"https:\/\/www.ultimatebikehiremallorca.com\/wp-content\/uploads\/2026\/03\/Mallorca-Bike-Hire-\u2013-Explore-the-Island-the-Right-Way.jpg\" class=\"attachment-full size-full wp-image-14171\" alt=\"Mallorca Bike Hire \u2013 Explore the Island the Right Way\" srcset=\"https:\/\/www.ultimatebikehiremallorca.com\/wp-content\/uploads\/2026\/03\/Mallorca-Bike-Hire-\u2013-Explore-the-Island-the-Right-Way.jpg 1500w, https:\/\/www.ultimatebikehiremallorca.com\/wp-content\/uploads\/2026\/03\/Mallorca-Bike-Hire-\u2013-Explore-the-Island-the-Right-Way-300x200.jpg 300w, https:\/\/www.ultimatebikehiremallorca.com\/wp-content\/uploads\/2026\/03\/Mallorca-Bike-Hire-\u2013-Explore-the-Island-the-Right-Way-1024x683.jpg 1024w, https:\/\/www.ultimatebikehiremallorca.com\/wp-content\/uploads\/2026\/03\/Mallorca-Bike-Hire-\u2013-Explore-the-Island-the-Right-Way-768x512.jpg 768w, https:\/\/www.ultimatebikehiremallorca.com\/wp-content\/uploads\/2026\/03\/Mallorca-Bike-Hire-\u2013-Explore-the-Island-the-Right-Way-18x12.jpg 18w\" sizes=\"(max-width: 1500px) 100vw, 1500px\" \/><\/div><\/a>\n\t\t\t\t<div class=\"elementor-post__text\">\n\t\t\t\t<h4 class=\"elementor-post__title\">\n\t\t\t<a href=\"https:\/\/www.ultimatebikehiremallorca.com\/fr\/mallorca-bike-hire-affordable-premium-bike-rental-in-mallorca\/\" >\n\t\t\t\tMallorca Bike Hire \u2013 Explore the Island the Right Way\t\t\t<\/a>\n\t\t<\/h4>\n\t\t\n\t\t<a class=\"elementor-post__read-more\" href=\"https:\/\/www.ultimatebikehiremallorca.com\/fr\/mallorca-bike-hire-affordable-premium-bike-rental-in-mallorca\/\" aria-label=\"En savoir plus sur Mallorca Bike Hire \u2013 Explore the Island the Right Way\" tabindex=\"-1\" >\n\t\t\tLire la suite\t\t<\/a>\n\n\t\t\t\t<\/div>\n\t\t\t\t\t<\/div>\n\t\t<\/article>\n\t\t\t\t<article class=\"elementor-post elementor-grid-item post-14127 post type-post status-publish format-standard has-post-thumbnail hentry category-bike-hire-in-mallorca tag-bike-hire-in-mallorca tag-is-cycle-hire-safe-for-families-and-kids\" role=\"listitem\">\n\t\t\t<div class=\"elementor-post__card\">\n\t\t\t\t<a class=\"elementor-post__thumbnail__link\" href=\"https:\/\/www.ultimatebikehiremallorca.com\/fr\/is-cycle-hire-safe-for-families-and-kids\/\" tabindex=\"-1\" ><div class=\"elementor-post__thumbnail\"><img loading=\"lazy\" decoding=\"async\" width=\"1500\" height=\"1001\" src=\"https:\/\/www.ultimatebikehiremallorca.com\/wp-content\/uploads\/2026\/02\/Is-Cycle-Hire-Safe-for-Families-and-Kids.jpg\" class=\"attachment-full size-full wp-image-14128\" alt=\"Is Cycle Hire Safe for Families and Kids\" srcset=\"https:\/\/www.ultimatebikehiremallorca.com\/wp-content\/uploads\/2026\/02\/Is-Cycle-Hire-Safe-for-Families-and-Kids.jpg 1500w, https:\/\/www.ultimatebikehiremallorca.com\/wp-content\/uploads\/2026\/02\/Is-Cycle-Hire-Safe-for-Families-and-Kids-300x200.jpg 300w, https:\/\/www.ultimatebikehiremallorca.com\/wp-content\/uploads\/2026\/02\/Is-Cycle-Hire-Safe-for-Families-and-Kids-1024x683.jpg 1024w, https:\/\/www.ultimatebikehiremallorca.com\/wp-content\/uploads\/2026\/02\/Is-Cycle-Hire-Safe-for-Families-and-Kids-768x513.jpg 768w, https:\/\/www.ultimatebikehiremallorca.com\/wp-content\/uploads\/2026\/02\/Is-Cycle-Hire-Safe-for-Families-and-Kids-18x12.jpg 18w\" sizes=\"(max-width: 1500px) 100vw, 1500px\" \/><\/div><\/a>\n\t\t\t\t<div class=\"elementor-post__text\">\n\t\t\t\t<h4 class=\"elementor-post__title\">\n\t\t\t<a href=\"https:\/\/www.ultimatebikehiremallorca.com\/fr\/is-cycle-hire-safe-for-families-and-kids\/\" >\n\t\t\t\tIs Cycle Hire Safe for Families and Kids?\t\t\t<\/a>\n\t\t<\/h4>\n\t\t\n\t\t<a class=\"elementor-post__read-more\" href=\"https:\/\/www.ultimatebikehiremallorca.com\/fr\/is-cycle-hire-safe-for-families-and-kids\/\" aria-label=\"En savoir plus sur Is Cycle Hire Safe for Families and Kids?\" tabindex=\"-1\" >\n\t\t\tLire la suite\t\t<\/a>\n\n\t\t\t\t<\/div>\n\t\t\t\t\t<\/div>\n\t\t<\/article>\n\t\t\t\t<article class=\"elementor-post elementor-grid-item post-14124 post type-post status-publish format-standard has-post-thumbnail hentry category-bike-hire-in-mallorca tag-bike-hire-in-mallorca tag-cycling-in-mallorca tag-mallorca-bike-hire\" role=\"listitem\">\n\t\t\t<div class=\"elementor-post__card\">\n\t\t\t\t<a class=\"elementor-post__thumbnail__link\" href=\"https:\/\/www.ultimatebikehiremallorca.com\/fr\/is-bike-hire-in-mallorca-expensive-full-guide\/\" tabindex=\"-1\" ><div class=\"elementor-post__thumbnail\"><img loading=\"lazy\" decoding=\"async\" width=\"1500\" height=\"1087\" src=\"https:\/\/www.ultimatebikehiremallorca.com\/wp-content\/uploads\/2026\/02\/Is-Bike-Hire-in-Mallorca-Expensive.jpg\" class=\"attachment-full size-full wp-image-14125\" alt=\"Location de v\u00e9los \u00e0 Majorque\" srcset=\"https:\/\/www.ultimatebikehiremallorca.com\/wp-content\/uploads\/2026\/02\/Is-Bike-Hire-in-Mallorca-Expensive.jpg 1500w, https:\/\/www.ultimatebikehiremallorca.com\/wp-content\/uploads\/2026\/02\/Is-Bike-Hire-in-Mallorca-Expensive-300x217.jpg 300w, https:\/\/www.ultimatebikehiremallorca.com\/wp-content\/uploads\/2026\/02\/Is-Bike-Hire-in-Mallorca-Expensive-1024x742.jpg 1024w, https:\/\/www.ultimatebikehiremallorca.com\/wp-content\/uploads\/2026\/02\/Is-Bike-Hire-in-Mallorca-Expensive-768x557.jpg 768w, https:\/\/www.ultimatebikehiremallorca.com\/wp-content\/uploads\/2026\/02\/Is-Bike-Hire-in-Mallorca-Expensive-18x12.jpg 18w\" sizes=\"(max-width: 1500px) 100vw, 1500px\" \/><\/div><\/a>\n\t\t\t\t<div class=\"elementor-post__text\">\n\t\t\t\t<h4 class=\"elementor-post__title\">\n\t\t\t<a href=\"https:\/\/www.ultimatebikehiremallorca.com\/fr\/is-bike-hire-in-mallorca-expensive-full-guide\/\" >\n\t\t\t\tIs Bike Hire in Mallorca Expensive?\t\t\t<\/a>\n\t\t<\/h4>\n\t\t\n\t\t<a class=\"elementor-post__read-more\" href=\"https:\/\/www.ultimatebikehiremallorca.com\/fr\/is-bike-hire-in-mallorca-expensive-full-guide\/\" aria-label=\"En savoir plus sur Is Bike Hire in Mallorca Expensive?\" tabindex=\"-1\" >\n\t\t\tLire la suite\t\t<\/a>\n\n\t\t\t\t<\/div>\n\t\t\t\t\t<\/div>\n\t\t<\/article>\n\t\t\t\t<article class=\"elementor-post elementor-grid-item post-14116 post type-post status-publish format-standard has-post-thumbnail hentry category-bike-hire-in-mallorca tag-bicycle-hire-majorca tag-bike-hire-in-majorca tag-cycle-hire-mallorca tag-cycling-mallorca-bike-hire tag-mallorca-bike-hire\" role=\"listitem\">\n\t\t\t<div class=\"elementor-post__card\">\n\t\t\t\t<a class=\"elementor-post__thumbnail__link\" href=\"https:\/\/www.ultimatebikehiremallorca.com\/fr\/mallorca-bike-hire-best-places-to-explore-by-bike\/\" tabindex=\"-1\" ><div class=\"elementor-post__thumbnail\"><img loading=\"lazy\" decoding=\"async\" width=\"1500\" height=\"997\" src=\"https:\/\/www.ultimatebikehiremallorca.com\/wp-content\/uploads\/2026\/02\/Mallorca-Bike-Hire-Best-Places-to-Explore-by-Bike.jpg\" class=\"attachment-full size-full wp-image-14117\" alt=\"Mallorca Bike Hire Best Places to Explore by Bike\" srcset=\"https:\/\/www.ultimatebikehiremallorca.com\/wp-content\/uploads\/2026\/02\/Mallorca-Bike-Hire-Best-Places-to-Explore-by-Bike.jpg 1500w, https:\/\/www.ultimatebikehiremallorca.com\/wp-content\/uploads\/2026\/02\/Mallorca-Bike-Hire-Best-Places-to-Explore-by-Bike-300x199.jpg 300w, https:\/\/www.ultimatebikehiremallorca.com\/wp-content\/uploads\/2026\/02\/Mallorca-Bike-Hire-Best-Places-to-Explore-by-Bike-1024x681.jpg 1024w, https:\/\/www.ultimatebikehiremallorca.com\/wp-content\/uploads\/2026\/02\/Mallorca-Bike-Hire-Best-Places-to-Explore-by-Bike-768x510.jpg 768w, https:\/\/www.ultimatebikehiremallorca.com\/wp-content\/uploads\/2026\/02\/Mallorca-Bike-Hire-Best-Places-to-Explore-by-Bike-18x12.jpg 18w\" sizes=\"(max-width: 1500px) 100vw, 1500px\" \/><\/div><\/a>\n\t\t\t\t<div class=\"elementor-post__text\">\n\t\t\t\t<h4 class=\"elementor-post__title\">\n\t\t\t<a href=\"https:\/\/www.ultimatebikehiremallorca.com\/fr\/mallorca-bike-hire-best-places-to-explore-by-bike\/\" >\n\t\t\t\tMallorca Bike Hire: Best Places to Explore by Bike\t\t\t<\/a>\n\t\t<\/h4>\n\t\t\n\t\t<a class=\"elementor-post__read-more\" href=\"https:\/\/www.ultimatebikehiremallorca.com\/fr\/mallorca-bike-hire-best-places-to-explore-by-bike\/\" aria-label=\"En savoir plus sur Mallorca Bike Hire: Best Places to Explore by Bike\" tabindex=\"-1\" >\n\t\t\tLire la suite\t\t<\/a>\n\n\t\t\t\t<\/div>\n\t\t\t\t\t<\/div>\n\t\t<\/article>\n\t\t\t\t<article class=\"elementor-post elementor-grid-item post-14111 post type-post status-publish format-standard has-post-thumbnail hentry category-bike-hire-in-mallorca tag-bike-hire-in-majorca\" role=\"listitem\">\n\t\t\t<div class=\"elementor-post__card\">\n\t\t\t\t<a class=\"elementor-post__thumbnail__link\" href=\"https:\/\/www.ultimatebikehiremallorca.com\/fr\/cycle-hire-mallorca-easy-way-to-explore-the-island\/\" tabindex=\"-1\" ><div class=\"elementor-post__thumbnail\"><img loading=\"lazy\" decoding=\"async\" width=\"1500\" height=\"1000\" src=\"https:\/\/www.ultimatebikehiremallorca.com\/wp-content\/uploads\/2026\/02\/Cycle-Hire-Mallorca-A-Simple-Way-to-Explore-the-Island.jpg\" class=\"attachment-full size-full wp-image-14112\" alt=\"bike hire in Majorca\" srcset=\"https:\/\/www.ultimatebikehiremallorca.com\/wp-content\/uploads\/2026\/02\/Cycle-Hire-Mallorca-A-Simple-Way-to-Explore-the-Island.jpg 1500w, https:\/\/www.ultimatebikehiremallorca.com\/wp-content\/uploads\/2026\/02\/Cycle-Hire-Mallorca-A-Simple-Way-to-Explore-the-Island-300x200.jpg 300w, https:\/\/www.ultimatebikehiremallorca.com\/wp-content\/uploads\/2026\/02\/Cycle-Hire-Mallorca-A-Simple-Way-to-Explore-the-Island-1024x683.jpg 1024w, https:\/\/www.ultimatebikehiremallorca.com\/wp-content\/uploads\/2026\/02\/Cycle-Hire-Mallorca-A-Simple-Way-to-Explore-the-Island-768x512.jpg 768w, https:\/\/www.ultimatebikehiremallorca.com\/wp-content\/uploads\/2026\/02\/Cycle-Hire-Mallorca-A-Simple-Way-to-Explore-the-Island-18x12.jpg 18w\" sizes=\"(max-width: 1500px) 100vw, 1500px\" \/><\/div><\/a>\n\t\t\t\t<div class=\"elementor-post__text\">\n\t\t\t\t<h4 class=\"elementor-post__title\">\n\t\t\t<a href=\"https:\/\/www.ultimatebikehiremallorca.com\/fr\/cycle-hire-mallorca-easy-way-to-explore-the-island\/\" >\n\t\t\t\tCycle Hire Mallorca A Simple Way to Explore the Island\t\t\t<\/a>\n\t\t<\/h4>\n\t\t\n\t\t<a class=\"elementor-post__read-more\" href=\"https:\/\/www.ultimatebikehiremallorca.com\/fr\/cycle-hire-mallorca-easy-way-to-explore-the-island\/\" aria-label=\"En savoir plus sur Cycle Hire Mallorca A Simple Way to Explore the Island\" tabindex=\"-1\" >\n\t\t\tLire la suite\t\t<\/a>\n\n\t\t\t\t<\/div>\n\t\t\t\t\t<\/div>\n\t\t<\/article>\n\t\t\t\t<article class=\"elementor-post elementor-grid-item post-14106 post type-post status-publish format-standard has-post-thumbnail hentry category-bike-hire-in-pollensa-majorca tag-bicycle-hire-majorca tag-bike-hire-in-majorca tag-bike-hire-in-pollensa-majorca\" role=\"listitem\">\n\t\t\t<div class=\"elementor-post__card\">\n\t\t\t\t<a class=\"elementor-post__thumbnail__link\" href=\"https:\/\/www.ultimatebikehiremallorca.com\/fr\/bike-hire-in-pollensa-majorca-puerto-pollensa-bikes\/\" tabindex=\"-1\" ><div class=\"elementor-post__thumbnail\"><img loading=\"lazy\" decoding=\"async\" width=\"1500\" height=\"997\" src=\"https:\/\/www.ultimatebikehiremallorca.com\/wp-content\/uploads\/2026\/01\/Bike-Hire-in-Pollensa-Majorca-for-Simple-Island-Travel.jpg\" class=\"attachment-full size-full wp-image-14107\" alt=\"bike hire in majorca,\" srcset=\"https:\/\/www.ultimatebikehiremallorca.com\/wp-content\/uploads\/2026\/01\/Bike-Hire-in-Pollensa-Majorca-for-Simple-Island-Travel.jpg 1500w, https:\/\/www.ultimatebikehiremallorca.com\/wp-content\/uploads\/2026\/01\/Bike-Hire-in-Pollensa-Majorca-for-Simple-Island-Travel-300x199.jpg 300w, https:\/\/www.ultimatebikehiremallorca.com\/wp-content\/uploads\/2026\/01\/Bike-Hire-in-Pollensa-Majorca-for-Simple-Island-Travel-1024x681.jpg 1024w, https:\/\/www.ultimatebikehiremallorca.com\/wp-content\/uploads\/2026\/01\/Bike-Hire-in-Pollensa-Majorca-for-Simple-Island-Travel-768x510.jpg 768w, https:\/\/www.ultimatebikehiremallorca.com\/wp-content\/uploads\/2026\/01\/Bike-Hire-in-Pollensa-Majorca-for-Simple-Island-Travel-18x12.jpg 18w\" sizes=\"(max-width: 1500px) 100vw, 1500px\" \/><\/div><\/a>\n\t\t\t\t<div class=\"elementor-post__text\">\n\t\t\t\t<h4 class=\"elementor-post__title\">\n\t\t\t<a href=\"https:\/\/www.ultimatebikehiremallorca.com\/fr\/bike-hire-in-pollensa-majorca-puerto-pollensa-bikes\/\" >\n\t\t\t\tBike Hire in Pollensa Majorca for Simple Island Travel\t\t\t<\/a>\n\t\t<\/h4>\n\t\t\n\t\t<a class=\"elementor-post__read-more\" href=\"https:\/\/www.ultimatebikehiremallorca.com\/fr\/bike-hire-in-pollensa-majorca-puerto-pollensa-bikes\/\" aria-label=\"En savoir plus sur Bike Hire in Pollensa Majorca for Simple Island Travel\" tabindex=\"-1\" >\n\t\t\tLire la suite\t\t<\/a>\n\n\t\t\t\t<\/div>\n\t\t\t\t\t<\/div>\n\t\t<\/article>\n\t\t\t\t<article class=\"elementor-post elementor-grid-item post-14103 post type-post status-publish format-standard has-post-thumbnail hentry category-bike-hire-in-majorca tag-benefit-of-cycling tag-bike-hire-in-majorca tag-bike-rental-in-mallorca tag-cycling-vs-driving-in-mallorca\" role=\"listitem\">\n\t\t\t<div class=\"elementor-post__card\">\n\t\t\t\t<a class=\"elementor-post__thumbnail__link\" href=\"https:\/\/www.ultimatebikehiremallorca.com\/fr\/bike-hire-in-majorca-pollensa-puerto-pollensa-cycling\/\" tabindex=\"-1\" ><div class=\"elementor-post__thumbnail\"><img loading=\"lazy\" decoding=\"async\" width=\"1500\" height=\"997\" src=\"https:\/\/www.ultimatebikehiremallorca.com\/wp-content\/uploads\/2026\/01\/Why-Bike-Hire-in-Majorca-Is-the-Best-Way-to-Travel.jpg\" class=\"attachment-full size-full wp-image-14104\" alt=\"bike hire in Majorca\" srcset=\"https:\/\/www.ultimatebikehiremallorca.com\/wp-content\/uploads\/2026\/01\/Why-Bike-Hire-in-Majorca-Is-the-Best-Way-to-Travel.jpg 1500w, https:\/\/www.ultimatebikehiremallorca.com\/wp-content\/uploads\/2026\/01\/Why-Bike-Hire-in-Majorca-Is-the-Best-Way-to-Travel-300x199.jpg 300w, https:\/\/www.ultimatebikehiremallorca.com\/wp-content\/uploads\/2026\/01\/Why-Bike-Hire-in-Majorca-Is-the-Best-Way-to-Travel-1024x681.jpg 1024w, https:\/\/www.ultimatebikehiremallorca.com\/wp-content\/uploads\/2026\/01\/Why-Bike-Hire-in-Majorca-Is-the-Best-Way-to-Travel-768x510.jpg 768w, https:\/\/www.ultimatebikehiremallorca.com\/wp-content\/uploads\/2026\/01\/Why-Bike-Hire-in-Majorca-Is-the-Best-Way-to-Travel-18x12.jpg 18w\" sizes=\"(max-width: 1500px) 100vw, 1500px\" \/><\/div><\/a>\n\t\t\t\t<div class=\"elementor-post__text\">\n\t\t\t\t<h4 class=\"elementor-post__title\">\n\t\t\t<a href=\"https:\/\/www.ultimatebikehiremallorca.com\/fr\/bike-hire-in-majorca-pollensa-puerto-pollensa-cycling\/\" >\n\t\t\t\tWhy Bike Hire in Majorca Is the Best Way to Travel\t\t\t<\/a>\n\t\t<\/h4>\n\t\t\n\t\t<a class=\"elementor-post__read-more\" href=\"https:\/\/www.ultimatebikehiremallorca.com\/fr\/bike-hire-in-majorca-pollensa-puerto-pollensa-cycling\/\" aria-label=\"En savoir plus sur Why Bike Hire in Majorca Is the Best Way to Travel\" tabindex=\"-1\" >\n\t\t\tLire la suite\t\t<\/a>\n\n\t\t\t\t<\/div>\n\t\t\t\t\t<\/div>\n\t\t<\/article>\n\t\t\t\t<article class=\"elementor-post elementor-grid-item post-14099 post type-post status-publish format-standard has-post-thumbnail hentry category-bike-hire-in-mallorca tag-bike-hire-in-mallorca tag-bike-rental-in-mallorca tag-cycling-vs-driving-in-mallorca\" role=\"listitem\">\n\t\t\t<div class=\"elementor-post__card\">\n\t\t\t\t<a class=\"elementor-post__thumbnail__link\" href=\"https:\/\/www.ultimatebikehiremallorca.com\/fr\/ce-qui-fait-de-la-location-de-velos-a-mallorque-le-nec-plus-ultra-pour-les-touristes\/\" tabindex=\"-1\" ><div class=\"elementor-post__thumbnail\"><img loading=\"lazy\" decoding=\"async\" width=\"1500\" height=\"1001\" src=\"https:\/\/www.ultimatebikehiremallorca.com\/wp-content\/uploads\/2026\/01\/What-Makes-the-Bike-hire-in-Mallorca-ultimate-for-Tourists-and-Cyclists.jpg\" class=\"attachment-full size-full wp-image-14100\" alt=\"Location de v\u00e9los \u00e0 Majorque\" srcset=\"https:\/\/www.ultimatebikehiremallorca.com\/wp-content\/uploads\/2026\/01\/What-Makes-the-Bike-hire-in-Mallorca-ultimate-for-Tourists-and-Cyclists.jpg 1500w, https:\/\/www.ultimatebikehiremallorca.com\/wp-content\/uploads\/2026\/01\/What-Makes-the-Bike-hire-in-Mallorca-ultimate-for-Tourists-and-Cyclists-300x200.jpg 300w, https:\/\/www.ultimatebikehiremallorca.com\/wp-content\/uploads\/2026\/01\/What-Makes-the-Bike-hire-in-Mallorca-ultimate-for-Tourists-and-Cyclists-1024x683.jpg 1024w, https:\/\/www.ultimatebikehiremallorca.com\/wp-content\/uploads\/2026\/01\/What-Makes-the-Bike-hire-in-Mallorca-ultimate-for-Tourists-and-Cyclists-768x513.jpg 768w, https:\/\/www.ultimatebikehiremallorca.com\/wp-content\/uploads\/2026\/01\/What-Makes-the-Bike-hire-in-Mallorca-ultimate-for-Tourists-and-Cyclists-18x12.jpg 18w\" sizes=\"(max-width: 1500px) 100vw, 1500px\" \/><\/div><\/a>\n\t\t\t\t<div class=\"elementor-post__text\">\n\t\t\t\t<h4 class=\"elementor-post__title\">\n\t\t\t<a href=\"https:\/\/www.ultimatebikehiremallorca.com\/fr\/ce-qui-fait-de-la-location-de-velos-a-mallorque-le-nec-plus-ultra-pour-les-touristes\/\" >\n\t\t\t\tQu'est-ce qui fait que la location de v\u00e9los \u00e0 Majorque est le nec plus ultra pour les touristes et les cyclistes ?\t\t\t<\/a>\n\t\t<\/h4>\n\t\t\n\t\t<a class=\"elementor-post__read-more\" href=\"https:\/\/www.ultimatebikehiremallorca.com\/fr\/ce-qui-fait-de-la-location-de-velos-a-mallorque-le-nec-plus-ultra-pour-les-touristes\/\" aria-label=\"En savoir plus sur What Makes the Bike hire in Mallorca ultimate for Tourists and Cyclists\" tabindex=\"-1\" >\n\t\t\tLire la suite\t\t<\/a>\n\n\t\t\t\t<\/div>\n\t\t\t\t\t<\/div>\n\t\t<\/article>\n\t\t\t\t<article class=\"elementor-post elementor-grid-item post-14094 post type-post status-publish format-standard has-post-thumbnail hentry category-rent-a-bike-in-santa-ponsa tag-bike-hire-in-santa-ponsa tag-cycling-vs-driving-in-mallorca tag-rent-a-bike-in-santa-ponsa\" role=\"listitem\">\n\t\t\t<div class=\"elementor-post__card\">\n\t\t\t\t<a class=\"elementor-post__thumbnail__link\" href=\"https:\/\/www.ultimatebikehiremallorca.com\/fr\/louez-un-velo-a-santa-ponsa-et-explorez-lile-de-majorque-en-toute-liberte\/\" tabindex=\"-1\" ><div class=\"elementor-post__thumbnail\"><img loading=\"lazy\" decoding=\"async\" width=\"1500\" height=\"1000\" src=\"https:\/\/www.ultimatebikehiremallorca.com\/wp-content\/uploads\/2026\/01\/Rent-a-Bike-in-Santa-Ponsa-and-See-Mallorca-Like-a-Local.jpg\" class=\"attachment-full size-full wp-image-14095\" alt=\"Louer un v\u00e9lo \u00e0 Santa Ponsa et d\u00e9couvrir Majorque comme un local\" srcset=\"https:\/\/www.ultimatebikehiremallorca.com\/wp-content\/uploads\/2026\/01\/Rent-a-Bike-in-Santa-Ponsa-and-See-Mallorca-Like-a-Local.jpg 1500w, https:\/\/www.ultimatebikehiremallorca.com\/wp-content\/uploads\/2026\/01\/Rent-a-Bike-in-Santa-Ponsa-and-See-Mallorca-Like-a-Local-300x200.jpg 300w, https:\/\/www.ultimatebikehiremallorca.com\/wp-content\/uploads\/2026\/01\/Rent-a-Bike-in-Santa-Ponsa-and-See-Mallorca-Like-a-Local-1024x683.jpg 1024w, https:\/\/www.ultimatebikehiremallorca.com\/wp-content\/uploads\/2026\/01\/Rent-a-Bike-in-Santa-Ponsa-and-See-Mallorca-Like-a-Local-768x512.jpg 768w, https:\/\/www.ultimatebikehiremallorca.com\/wp-content\/uploads\/2026\/01\/Rent-a-Bike-in-Santa-Ponsa-and-See-Mallorca-Like-a-Local-18x12.jpg 18w\" sizes=\"(max-width: 1500px) 100vw, 1500px\" \/><\/div><\/a>\n\t\t\t\t<div class=\"elementor-post__text\">\n\t\t\t\t<h4 class=\"elementor-post__title\">\n\t\t\t<a href=\"https:\/\/www.ultimatebikehiremallorca.com\/fr\/louez-un-velo-a-santa-ponsa-et-explorez-lile-de-majorque-en-toute-liberte\/\" >\n\t\t\t\tLouer un v\u00e9lo \u00e0 Santa Ponsa et d\u00e9couvrir Majorque comme un local\t\t\t<\/a>\n\t\t<\/h4>\n\t\t\n\t\t<a class=\"elementor-post__read-more\" href=\"https:\/\/www.ultimatebikehiremallorca.com\/fr\/louez-un-velo-a-santa-ponsa-et-explorez-lile-de-majorque-en-toute-liberte\/\" aria-label=\"En savoir plus sur Rent a Bike in Santa Ponsa and See Mallorca Like a Local\" tabindex=\"-1\" >\n\t\t\tLire la suite\t\t<\/a>\n\n\t\t\t\t<\/div>\n\t\t\t\t\t<\/div>\n\t\t<\/article>\n\t\t\t\t<article class=\"elementor-post elementor-grid-item post-14089 post type-post status-publish format-standard has-post-thumbnail hentry category-bike-hire-in-santa-ponsa tag-bike-hire-in-santa-ponsa tag-bike-rental-in-mallorca tag-cycling-vs-driving-in-mallorca tag-mallorca-cycling-adventure\" role=\"listitem\">\n\t\t\t<div class=\"elementor-post__card\">\n\t\t\t\t<a class=\"elementor-post__thumbnail__link\" href=\"https:\/\/www.ultimatebikehiremallorca.com\/fr\/location-de-velos-a-santa-ponsa-une-facon-simple-dexplorer-lile-de-mallorca\/\" tabindex=\"-1\" ><div class=\"elementor-post__thumbnail\"><img loading=\"lazy\" decoding=\"async\" width=\"1500\" height=\"1000\" src=\"https:\/\/www.ultimatebikehiremallorca.com\/wp-content\/uploads\/2026\/01\/Bike-Hire-in-Santa-Ponsa-The-Easy-Way-to-Explore-Mallorca.jpg\" class=\"attachment-full size-full wp-image-14090\" alt=\"Location de v\u00e9los \u00e0 Santa Ponsa La fa\u00e7on la plus simple d&#039;explorer Majorque\" srcset=\"https:\/\/www.ultimatebikehiremallorca.com\/wp-content\/uploads\/2026\/01\/Bike-Hire-in-Santa-Ponsa-The-Easy-Way-to-Explore-Mallorca.jpg 1500w, https:\/\/www.ultimatebikehiremallorca.com\/wp-content\/uploads\/2026\/01\/Bike-Hire-in-Santa-Ponsa-The-Easy-Way-to-Explore-Mallorca-300x200.jpg 300w, https:\/\/www.ultimatebikehiremallorca.com\/wp-content\/uploads\/2026\/01\/Bike-Hire-in-Santa-Ponsa-The-Easy-Way-to-Explore-Mallorca-1024x683.jpg 1024w, https:\/\/www.ultimatebikehiremallorca.com\/wp-content\/uploads\/2026\/01\/Bike-Hire-in-Santa-Ponsa-The-Easy-Way-to-Explore-Mallorca-768x512.jpg 768w, https:\/\/www.ultimatebikehiremallorca.com\/wp-content\/uploads\/2026\/01\/Bike-Hire-in-Santa-Ponsa-The-Easy-Way-to-Explore-Mallorca-18x12.jpg 18w\" sizes=\"(max-width: 1500px) 100vw, 1500px\" \/><\/div><\/a>\n\t\t\t\t<div class=\"elementor-post__text\">\n\t\t\t\t<h4 class=\"elementor-post__title\">\n\t\t\t<a href=\"https:\/\/www.ultimatebikehiremallorca.com\/fr\/location-de-velos-a-santa-ponsa-une-facon-simple-dexplorer-lile-de-mallorca\/\" >\n\t\t\t\tLocation de v\u00e9los \u00e0 Santa Ponsa : La fa\u00e7on la plus simple d'explorer Majorque\t\t\t<\/a>\n\t\t<\/h4>\n\t\t\n\t\t<a class=\"elementor-post__read-more\" href=\"https:\/\/www.ultimatebikehiremallorca.com\/fr\/location-de-velos-a-santa-ponsa-une-facon-simple-dexplorer-lile-de-mallorca\/\" aria-label=\"En savoir plus sur Bike Hire in Santa Ponsa: The Easy Way to Explore Mallorca\" tabindex=\"-1\" >\n\t\t\tLire la suite\t\t<\/a>\n\n\t\t\t\t<\/div>\n\t\t\t\t\t<\/div>\n\t\t<\/article>\n\t\t\t\t<article class=\"elementor-post elementor-grid-item post-14080 post type-post status-publish format-standard has-post-thumbnail hentry category-bike-hire-in-mallorca tag-bike-hire-in-mallorca\" role=\"listitem\">\n\t\t\t<div class=\"elementor-post__card\">\n\t\t\t\t<a class=\"elementor-post__thumbnail__link\" href=\"https:\/\/www.ultimatebikehiremallorca.com\/fr\/vacances-a-velo-a-mallorque-guide-location-de-velos-a-mallorque\/\" tabindex=\"-1\" ><div class=\"elementor-post__thumbnail\"><img loading=\"lazy\" decoding=\"async\" width=\"1500\" height=\"1000\" src=\"https:\/\/www.ultimatebikehiremallorca.com\/wp-content\/uploads\/2025\/12\/How-to-Plan-a-Cycling-Holiday-in-Mallorca-Costs-Routes-Weather-and-Bike-Hire-in-Mallorca.jpg\" class=\"attachment-full size-full wp-image-14081\" alt=\"Location de v\u00e9los \u00e0 Majorque\" srcset=\"https:\/\/www.ultimatebikehiremallorca.com\/wp-content\/uploads\/2025\/12\/How-to-Plan-a-Cycling-Holiday-in-Mallorca-Costs-Routes-Weather-and-Bike-Hire-in-Mallorca.jpg 1500w, https:\/\/www.ultimatebikehiremallorca.com\/wp-content\/uploads\/2025\/12\/How-to-Plan-a-Cycling-Holiday-in-Mallorca-Costs-Routes-Weather-and-Bike-Hire-in-Mallorca-300x200.jpg 300w, https:\/\/www.ultimatebikehiremallorca.com\/wp-content\/uploads\/2025\/12\/How-to-Plan-a-Cycling-Holiday-in-Mallorca-Costs-Routes-Weather-and-Bike-Hire-in-Mallorca-1024x683.jpg 1024w, https:\/\/www.ultimatebikehiremallorca.com\/wp-content\/uploads\/2025\/12\/How-to-Plan-a-Cycling-Holiday-in-Mallorca-Costs-Routes-Weather-and-Bike-Hire-in-Mallorca-768x512.jpg 768w, https:\/\/www.ultimatebikehiremallorca.com\/wp-content\/uploads\/2025\/12\/How-to-Plan-a-Cycling-Holiday-in-Mallorca-Costs-Routes-Weather-and-Bike-Hire-in-Mallorca-18x12.jpg 18w\" sizes=\"(max-width: 1500px) 100vw, 1500px\" \/><\/div><\/a>\n\t\t\t\t<div class=\"elementor-post__text\">\n\t\t\t\t<h4 class=\"elementor-post__title\">\n\t\t\t<a href=\"https:\/\/www.ultimatebikehiremallorca.com\/fr\/vacances-a-velo-a-mallorque-guide-location-de-velos-a-mallorque\/\" >\n\t\t\t\tComment planifier des vacances \u00e0 v\u00e9lo \u00e0 Majorque : Co\u00fbts, itin\u00e9raires, m\u00e9t\u00e9o et location de v\u00e9los \u00e0 Majorque\t\t\t<\/a>\n\t\t<\/h4>\n\t\t\n\t\t<a class=\"elementor-post__read-more\" href=\"https:\/\/www.ultimatebikehiremallorca.com\/fr\/vacances-a-velo-a-mallorque-guide-location-de-velos-a-mallorque\/\" aria-label=\"En savoir plus sur How to Plan a Cycling Holiday in Mallorca: Costs, Routes, Weather and Bike Hire in Mallorca\" tabindex=\"-1\" >\n\t\t\tLire la suite\t\t<\/a>\n\n\t\t\t\t<\/div>\n\t\t\t\t\t<\/div>\n\t\t<\/article>\n\t\t\t\t<article class=\"elementor-post elementor-grid-item post-14068 post type-post status-publish format-standard has-post-thumbnail hentry category-bike-hire-in-mallorca tag-bike-hire-in-mallorca tag-bike-rental-in-mallorca tag-cycling-vs-driving-in-mallorca\" role=\"listitem\">\n\t\t\t<div class=\"elementor-post__card\">\n\t\t\t\t<a class=\"elementor-post__thumbnail__link\" href=\"https:\/\/www.ultimatebikehiremallorca.com\/fr\/comment-explorer-lile-de-majorque-sans-voiture-location-de-velos-a-majorque-2\/\" tabindex=\"-1\" ><div class=\"elementor-post__thumbnail\"><img loading=\"lazy\" decoding=\"async\" width=\"1500\" height=\"1000\" src=\"https:\/\/www.ultimatebikehiremallorca.com\/wp-content\/uploads\/2025\/12\/How-to-Explore-Mallorca-Without-a-Car-Bike-Hire-in-Mallorca.jpg\" class=\"attachment-full size-full wp-image-14069\" alt=\"Comment explorer Majorque sans voiture Location de v\u00e9lo \u00e0 Majorque\" srcset=\"https:\/\/www.ultimatebikehiremallorca.com\/wp-content\/uploads\/2025\/12\/How-to-Explore-Mallorca-Without-a-Car-Bike-Hire-in-Mallorca.jpg 1500w, https:\/\/www.ultimatebikehiremallorca.com\/wp-content\/uploads\/2025\/12\/How-to-Explore-Mallorca-Without-a-Car-Bike-Hire-in-Mallorca-300x200.jpg 300w, https:\/\/www.ultimatebikehiremallorca.com\/wp-content\/uploads\/2025\/12\/How-to-Explore-Mallorca-Without-a-Car-Bike-Hire-in-Mallorca-1024x683.jpg 1024w, https:\/\/www.ultimatebikehiremallorca.com\/wp-content\/uploads\/2025\/12\/How-to-Explore-Mallorca-Without-a-Car-Bike-Hire-in-Mallorca-768x512.jpg 768w, https:\/\/www.ultimatebikehiremallorca.com\/wp-content\/uploads\/2025\/12\/How-to-Explore-Mallorca-Without-a-Car-Bike-Hire-in-Mallorca-18x12.jpg 18w\" sizes=\"(max-width: 1500px) 100vw, 1500px\" \/><\/div><\/a>\n\t\t\t\t<div class=\"elementor-post__text\">\n\t\t\t\t<h4 class=\"elementor-post__title\">\n\t\t\t<a href=\"https:\/\/www.ultimatebikehiremallorca.com\/fr\/comment-explorer-lile-de-majorque-sans-voiture-location-de-velos-a-majorque-2\/\" >\n\t\t\t\tComment explorer Majorque sans voiture, la location de v\u00e9los \u00e0 Majorque facilite les choses\t\t\t<\/a>\n\t\t<\/h4>\n\t\t\n\t\t<a class=\"elementor-post__read-more\" href=\"https:\/\/www.ultimatebikehiremallorca.com\/fr\/comment-explorer-lile-de-majorque-sans-voiture-location-de-velos-a-majorque-2\/\" aria-label=\"En savoir plus sur How to Explore Mallorca Without a Car, Bike Hire in Mallorca Makes It Easy\" tabindex=\"-1\" >\n\t\t\tLire la suite\t\t<\/a>\n\n\t\t\t\t<\/div>\n\t\t\t\t\t<\/div>\n\t\t<\/article>\n\t\t\t\t<article class=\"elementor-post elementor-grid-item post-14064 post type-post status-publish format-standard has-post-thumbnail hentry category-mallorca-a-cyclists-paradise tag-benefit-of-cycling tag-bike-rental-in-mallorca tag-cycling-vs-driving-in-mallorca tag-mallorca-a-cyclists-paradise\" role=\"listitem\">\n\t\t\t<div class=\"elementor-post__card\">\n\t\t\t\t<a class=\"elementor-post__thumbnail__link\" href=\"https:\/\/www.ultimatebikehiremallorca.com\/fr\/un-paradis-pour-les-cyclistes-location-de-velos-a-majorque\/\" tabindex=\"-1\" ><div class=\"elementor-post__thumbnail\"><img loading=\"lazy\" decoding=\"async\" width=\"1500\" height=\"1027\" src=\"https:\/\/www.ultimatebikehiremallorca.com\/wp-content\/uploads\/2025\/12\/Why-Mallorca-Is-a-Cyclists-Paradise-And-How-Ultimate-Bike-Hire-Mallorca-Makes-It-Better.jpg\" class=\"attachment-full size-full wp-image-14065\" alt=\"Pourquoi Majorque est un paradis pour les cyclistes (et comment Ultimate Bike Hire Mallorca l&#039;am\u00e9liore)\" srcset=\"https:\/\/www.ultimatebikehiremallorca.com\/wp-content\/uploads\/2025\/12\/Why-Mallorca-Is-a-Cyclists-Paradise-And-How-Ultimate-Bike-Hire-Mallorca-Makes-It-Better.jpg 1500w, https:\/\/www.ultimatebikehiremallorca.com\/wp-content\/uploads\/2025\/12\/Why-Mallorca-Is-a-Cyclists-Paradise-And-How-Ultimate-Bike-Hire-Mallorca-Makes-It-Better-300x205.jpg 300w, https:\/\/www.ultimatebikehiremallorca.com\/wp-content\/uploads\/2025\/12\/Why-Mallorca-Is-a-Cyclists-Paradise-And-How-Ultimate-Bike-Hire-Mallorca-Makes-It-Better-1024x701.jpg 1024w, https:\/\/www.ultimatebikehiremallorca.com\/wp-content\/uploads\/2025\/12\/Why-Mallorca-Is-a-Cyclists-Paradise-And-How-Ultimate-Bike-Hire-Mallorca-Makes-It-Better-768x526.jpg 768w, https:\/\/www.ultimatebikehiremallorca.com\/wp-content\/uploads\/2025\/12\/Why-Mallorca-Is-a-Cyclists-Paradise-And-How-Ultimate-Bike-Hire-Mallorca-Makes-It-Better-18x12.jpg 18w\" sizes=\"(max-width: 1500px) 100vw, 1500px\" \/><\/div><\/a>\n\t\t\t\t<div class=\"elementor-post__text\">\n\t\t\t\t<h4 class=\"elementor-post__title\">\n\t\t\t<a href=\"https:\/\/www.ultimatebikehiremallorca.com\/fr\/un-paradis-pour-les-cyclistes-location-de-velos-a-majorque\/\" >\n\t\t\t\tPourquoi Majorque est un paradis pour les cyclistes (et comment Ultimate Bike Hire Mallorca l'am\u00e9liore)\t\t\t<\/a>\n\t\t<\/h4>\n\t\t\n\t\t<a class=\"elementor-post__read-more\" href=\"https:\/\/www.ultimatebikehiremallorca.com\/fr\/un-paradis-pour-les-cyclistes-location-de-velos-a-majorque\/\" aria-label=\"En savoir plus sur Why Mallorca Is a Cyclist\u2019s Paradise (And How Ultimate Bike Hire Mallorca Makes It Better)\" tabindex=\"-1\" >\n\t\t\tLire la suite\t\t<\/a>\n\n\t\t\t\t<\/div>\n\t\t\t\t\t<\/div>\n\t\t<\/article>\n\t\t\t\t<article class=\"elementor-post elementor-grid-item post-14060 post type-post status-publish format-standard has-post-thumbnail hentry category-where-to-stay-in-mallorca tag-bike-rental-in-mallorca tag-cycling-vs-driving-in-mallorca tag-where-to-stay-in-mallorca\" role=\"listitem\">\n\t\t\t<div class=\"elementor-post__card\">\n\t\t\t\t<a class=\"elementor-post__thumbnail__link\" href=\"https:\/\/www.ultimatebikehiremallorca.com\/fr\/ou-sejourner-a-majorque-les-meilleurs-endroits-pour-tous-les-voyageurs\/\" tabindex=\"-1\" ><div class=\"elementor-post__thumbnail\"><img loading=\"lazy\" decoding=\"async\" width=\"1500\" height=\"1000\" src=\"https:\/\/www.ultimatebikehiremallorca.com\/wp-content\/uploads\/2025\/12\/Where-to-Stay-in-Mallorca-Best-Areas-for-Every-Type-of-Traveller.jpg\" class=\"attachment-full size-full wp-image-14061\" alt=\"O\u00f9 s\u00e9journer \u00e0 Majorque Les meilleurs endroits pour tous les types de voyageurs\" srcset=\"https:\/\/www.ultimatebikehiremallorca.com\/wp-content\/uploads\/2025\/12\/Where-to-Stay-in-Mallorca-Best-Areas-for-Every-Type-of-Traveller.jpg 1500w, https:\/\/www.ultimatebikehiremallorca.com\/wp-content\/uploads\/2025\/12\/Where-to-Stay-in-Mallorca-Best-Areas-for-Every-Type-of-Traveller-300x200.jpg 300w, https:\/\/www.ultimatebikehiremallorca.com\/wp-content\/uploads\/2025\/12\/Where-to-Stay-in-Mallorca-Best-Areas-for-Every-Type-of-Traveller-1024x683.jpg 1024w, https:\/\/www.ultimatebikehiremallorca.com\/wp-content\/uploads\/2025\/12\/Where-to-Stay-in-Mallorca-Best-Areas-for-Every-Type-of-Traveller-768x512.jpg 768w, https:\/\/www.ultimatebikehiremallorca.com\/wp-content\/uploads\/2025\/12\/Where-to-Stay-in-Mallorca-Best-Areas-for-Every-Type-of-Traveller-18x12.jpg 18w\" sizes=\"(max-width: 1500px) 100vw, 1500px\" \/><\/div><\/a>\n\t\t\t\t<div class=\"elementor-post__text\">\n\t\t\t\t<h4 class=\"elementor-post__title\">\n\t\t\t<a href=\"https:\/\/www.ultimatebikehiremallorca.com\/fr\/ou-sejourner-a-majorque-les-meilleurs-endroits-pour-tous-les-voyageurs\/\" >\n\t\t\t\tO\u00f9 s\u00e9journer \u00e0 Majorque : Les meilleurs endroits pour tous les types de voyageurs\t\t\t<\/a>\n\t\t<\/h4>\n\t\t\n\t\t<a class=\"elementor-post__read-more\" href=\"https:\/\/www.ultimatebikehiremallorca.com\/fr\/ou-sejourner-a-majorque-les-meilleurs-endroits-pour-tous-les-voyageurs\/\" aria-label=\"En savoir plus sur Where to Stay in Mallorca: Best Areas for Every Type of Traveller\" tabindex=\"-1\" >\n\t\t\tLire la suite\t\t<\/a>\n\n\t\t\t\t<\/div>\n\t\t\t\t\t<\/div>\n\t\t<\/article>\n\t\t\t\t<article class=\"elementor-post elementor-grid-item post-14054 post type-post status-publish format-standard has-post-thumbnail hentry category-mallorca-for-first-timers tag-bike-rental-in-mallorca tag-cycling-vs-driving-in-mallorca tag-mallorca-for-first-timers\" role=\"listitem\">\n\t\t\t<div class=\"elementor-post__card\">\n\t\t\t\t<a class=\"elementor-post__thumbnail__link\" href=\"https:\/\/www.ultimatebikehiremallorca.com\/fr\/mallorque-pour-les-novices-15-conseils-de-voyage-essentiels\/\" tabindex=\"-1\" ><div class=\"elementor-post__thumbnail\"><img loading=\"lazy\" decoding=\"async\" width=\"1500\" height=\"1001\" src=\"https:\/\/www.ultimatebikehiremallorca.com\/wp-content\/uploads\/2025\/12\/Mallorca-for-First-Timers-15-Travel-Tips-Youll-Be-Glad-You-Knew.jpg\" class=\"attachment-full size-full wp-image-14057\" alt=\"Majorque pour les novices 15 conseils de voyage que vous serez heureux de conna\u00eetre\" srcset=\"https:\/\/www.ultimatebikehiremallorca.com\/wp-content\/uploads\/2025\/12\/Mallorca-for-First-Timers-15-Travel-Tips-Youll-Be-Glad-You-Knew.jpg 1500w, https:\/\/www.ultimatebikehiremallorca.com\/wp-content\/uploads\/2025\/12\/Mallorca-for-First-Timers-15-Travel-Tips-Youll-Be-Glad-You-Knew-300x200.jpg 300w, https:\/\/www.ultimatebikehiremallorca.com\/wp-content\/uploads\/2025\/12\/Mallorca-for-First-Timers-15-Travel-Tips-Youll-Be-Glad-You-Knew-1024x683.jpg 1024w, https:\/\/www.ultimatebikehiremallorca.com\/wp-content\/uploads\/2025\/12\/Mallorca-for-First-Timers-15-Travel-Tips-Youll-Be-Glad-You-Knew-768x513.jpg 768w, https:\/\/www.ultimatebikehiremallorca.com\/wp-content\/uploads\/2025\/12\/Mallorca-for-First-Timers-15-Travel-Tips-Youll-Be-Glad-You-Knew-18x12.jpg 18w\" sizes=\"(max-width: 1500px) 100vw, 1500px\" \/><\/div><\/a>\n\t\t\t\t<div class=\"elementor-post__text\">\n\t\t\t\t<h4 class=\"elementor-post__title\">\n\t\t\t<a href=\"https:\/\/www.ultimatebikehiremallorca.com\/fr\/mallorque-pour-les-novices-15-conseils-de-voyage-essentiels\/\" >\n\t\t\t\tMajorque pour les novices : 15 conseils de voyage que vous serez heureux de conna\u00eetre\t\t\t<\/a>\n\t\t<\/h4>\n\t\t\n\t\t<a class=\"elementor-post__read-more\" href=\"https:\/\/www.ultimatebikehiremallorca.com\/fr\/mallorque-pour-les-novices-15-conseils-de-voyage-essentiels\/\" aria-label=\"En savoir plus sur Mallorca for First-Timers: 15 Travel Tips You\u2019ll Be Glad You Knew\" tabindex=\"-1\" >\n\t\t\tLire la suite\t\t<\/a>\n\n\t\t\t\t<\/div>\n\t\t\t\t\t<\/div>\n\t\t<\/article>\n\t\t\t\t<article class=\"elementor-post elementor-grid-item post-14050 post type-post status-publish format-standard has-post-thumbnail hentry category-autumn-to-winter-in-mallorca tag-autumn-to-winter-in-mallorca tag-best-cycling-route-access tag-bike-rental-in-mallorca\" role=\"listitem\">\n\t\t\t<div class=\"elementor-post__card\">\n\t\t\t\t<a class=\"elementor-post__thumbnail__link\" href=\"https:\/\/www.ultimatebikehiremallorca.com\/fr\/de-lautomne-a-lhiver-en-mallorquie\/\" tabindex=\"-1\" ><div class=\"elementor-post__thumbnail\"><img loading=\"lazy\" decoding=\"async\" width=\"1450\" height=\"966\" src=\"https:\/\/www.ultimatebikehiremallorca.com\/wp-content\/uploads\/2025\/11\/Autumn-to-Winter-in-Mallorca-How-the-Island-Transforms.jpg\" class=\"attachment-full size-full wp-image-14052\" alt=\"De l&#039;automne \u00e0 l&#039;hiver \u00e0 Majorque Comment l&#039;\u00eele se transforme\" srcset=\"https:\/\/www.ultimatebikehiremallorca.com\/wp-content\/uploads\/2025\/11\/Autumn-to-Winter-in-Mallorca-How-the-Island-Transforms.jpg 1450w, https:\/\/www.ultimatebikehiremallorca.com\/wp-content\/uploads\/2025\/11\/Autumn-to-Winter-in-Mallorca-How-the-Island-Transforms-300x200.jpg 300w, https:\/\/www.ultimatebikehiremallorca.com\/wp-content\/uploads\/2025\/11\/Autumn-to-Winter-in-Mallorca-How-the-Island-Transforms-1024x682.jpg 1024w, https:\/\/www.ultimatebikehiremallorca.com\/wp-content\/uploads\/2025\/11\/Autumn-to-Winter-in-Mallorca-How-the-Island-Transforms-768x512.jpg 768w, https:\/\/www.ultimatebikehiremallorca.com\/wp-content\/uploads\/2025\/11\/Autumn-to-Winter-in-Mallorca-How-the-Island-Transforms-18x12.jpg 18w\" sizes=\"(max-width: 1450px) 100vw, 1450px\" \/><\/div><\/a>\n\t\t\t\t<div class=\"elementor-post__text\">\n\t\t\t\t<h4 class=\"elementor-post__title\">\n\t\t\t<a href=\"https:\/\/www.ultimatebikehiremallorca.com\/fr\/de-lautomne-a-lhiver-en-mallorquie\/\" >\n\t\t\t\tDe l'automne \u00e0 l'hiver \u00e0 Majorque : comment l'\u00eele se transforme\t\t\t<\/a>\n\t\t<\/h4>\n\t\t\n\t\t<a class=\"elementor-post__read-more\" href=\"https:\/\/www.ultimatebikehiremallorca.com\/fr\/de-lautomne-a-lhiver-en-mallorquie\/\" aria-label=\"En savoir plus sur Autumn to Winter in Mallorca: How the Island Transforms\" tabindex=\"-1\" >\n\t\t\tLire la suite\t\t<\/a>\n\n\t\t\t\t<\/div>\n\t\t\t\t\t<\/div>\n\t\t<\/article>\n\t\t\t\t<article class=\"elementor-post elementor-grid-item post-14046 post type-post status-publish format-standard has-post-thumbnail hentry category-10-things-youll-only-understand tag-10-things-youll-only-understand tag-benefit-of-cycling tag-bike-rental-in-mallorca\" role=\"listitem\">\n\t\t\t<div class=\"elementor-post__card\">\n\t\t\t\t<a class=\"elementor-post__thumbnail__link\" href=\"https:\/\/www.ultimatebikehiremallorca.com\/fr\/10-choses-que-vous-ne-comprendrez-quapres-un-mois-a-majorque\/\" tabindex=\"-1\" ><div class=\"elementor-post__thumbnail\"><img loading=\"lazy\" decoding=\"async\" width=\"1500\" height=\"1071\" src=\"https:\/\/www.ultimatebikehiremallorca.com\/wp-content\/uploads\/2025\/11\/10-Things-Youll-Only-Understand-After-Spending-a-Month-in-Mallorca.jpg\" class=\"attachment-full size-full wp-image-14047\" alt=\"10 choses que vous ne comprendrez qu&#039;apr\u00e8s avoir pass\u00e9 un mois \u00e0 Majorque\" srcset=\"https:\/\/www.ultimatebikehiremallorca.com\/wp-content\/uploads\/2025\/11\/10-Things-Youll-Only-Understand-After-Spending-a-Month-in-Mallorca.jpg 1500w, https:\/\/www.ultimatebikehiremallorca.com\/wp-content\/uploads\/2025\/11\/10-Things-Youll-Only-Understand-After-Spending-a-Month-in-Mallorca-300x214.jpg 300w, https:\/\/www.ultimatebikehiremallorca.com\/wp-content\/uploads\/2025\/11\/10-Things-Youll-Only-Understand-After-Spending-a-Month-in-Mallorca-1024x731.jpg 1024w, https:\/\/www.ultimatebikehiremallorca.com\/wp-content\/uploads\/2025\/11\/10-Things-Youll-Only-Understand-After-Spending-a-Month-in-Mallorca-768x548.jpg 768w, https:\/\/www.ultimatebikehiremallorca.com\/wp-content\/uploads\/2025\/11\/10-Things-Youll-Only-Understand-After-Spending-a-Month-in-Mallorca-18x12.jpg 18w\" sizes=\"(max-width: 1500px) 100vw, 1500px\" \/><\/div><\/a>\n\t\t\t\t<div class=\"elementor-post__text\">\n\t\t\t\t<h4 class=\"elementor-post__title\">\n\t\t\t<a href=\"https:\/\/www.ultimatebikehiremallorca.com\/fr\/10-choses-que-vous-ne-comprendrez-quapres-un-mois-a-majorque\/\" >\n\t\t\t\t10 choses que vous ne comprendrez qu'apr\u00e8s avoir pass\u00e9 un mois \u00e0 Majorque\t\t\t<\/a>\n\t\t<\/h4>\n\t\t\n\t\t<a class=\"elementor-post__read-more\" href=\"https:\/\/www.ultimatebikehiremallorca.com\/fr\/10-choses-que-vous-ne-comprendrez-quapres-un-mois-a-majorque\/\" aria-label=\"En savoir plus sur 10 Things You\u2019ll Only Understand After Spending a Month in Mallorca\" tabindex=\"-1\" >\n\t\t\tLire la suite\t\t<\/a>\n\n\t\t\t\t<\/div>\n\t\t\t\t\t<\/div>\n\t\t<\/article>\n\t\t\t\t<article class=\"elementor-post elementor-grid-item post-14039 post type-post status-publish format-standard has-post-thumbnail hentry category-kayak-bike-day-trips tag-bike-rental-in-mallorca tag-kayak-bike-day-trips tag-mallorca-cycling-adventure\" role=\"listitem\">\n\t\t\t<div class=\"elementor-post__card\">\n\t\t\t\t<a class=\"elementor-post__thumbnail__link\" href=\"https:\/\/www.ultimatebikehiremallorca.com\/fr\/kayak-velo-excursions-dune-journee-explorer-mallorque-par-terre-et-par-mer\/\" tabindex=\"-1\" ><div class=\"elementor-post__thumbnail\"><img loading=\"lazy\" decoding=\"async\" width=\"1500\" height=\"843\" src=\"https:\/\/www.ultimatebikehiremallorca.com\/wp-content\/uploads\/2025\/11\/Kayak-Bike-Day-Trips-Explore-Mallorca-by-Land-and-Sea.jpg\" class=\"attachment-full size-full wp-image-14040\" alt=\"Excursions d&#039;une journ\u00e9e en kayak et \u00e0 v\u00e9lo Explorer Majorque par terre et par mer\" srcset=\"https:\/\/www.ultimatebikehiremallorca.com\/wp-content\/uploads\/2025\/11\/Kayak-Bike-Day-Trips-Explore-Mallorca-by-Land-and-Sea.jpg 1500w, https:\/\/www.ultimatebikehiremallorca.com\/wp-content\/uploads\/2025\/11\/Kayak-Bike-Day-Trips-Explore-Mallorca-by-Land-and-Sea-300x169.jpg 300w, https:\/\/www.ultimatebikehiremallorca.com\/wp-content\/uploads\/2025\/11\/Kayak-Bike-Day-Trips-Explore-Mallorca-by-Land-and-Sea-1024x575.jpg 1024w, https:\/\/www.ultimatebikehiremallorca.com\/wp-content\/uploads\/2025\/11\/Kayak-Bike-Day-Trips-Explore-Mallorca-by-Land-and-Sea-768x432.jpg 768w, https:\/\/www.ultimatebikehiremallorca.com\/wp-content\/uploads\/2025\/11\/Kayak-Bike-Day-Trips-Explore-Mallorca-by-Land-and-Sea-18x10.jpg 18w\" sizes=\"(max-width: 1500px) 100vw, 1500px\" \/><\/div><\/a>\n\t\t\t\t<div class=\"elementor-post__text\">\n\t\t\t\t<h4 class=\"elementor-post__title\">\n\t\t\t<a href=\"https:\/\/www.ultimatebikehiremallorca.com\/fr\/kayak-velo-excursions-dune-journee-explorer-mallorque-par-terre-et-par-mer\/\" >\n\t\t\t\tExcursions d'une journ\u00e9e en kayak et en v\u00e9lo : Explorer Majorque par terre et par mer\t\t\t<\/a>\n\t\t<\/h4>\n\t\t\n\t\t<a class=\"elementor-post__read-more\" href=\"https:\/\/www.ultimatebikehiremallorca.com\/fr\/kayak-velo-excursions-dune-journee-explorer-mallorque-par-terre-et-par-mer\/\" aria-label=\"En savoir plus sur Kayak + Bike Day Trips: Explore Mallorca by Land and Sea\" tabindex=\"-1\" >\n\t\t\tLire la suite\t\t<\/a>\n\n\t\t\t\t<\/div>\n\t\t\t\t\t<\/div>\n\t\t<\/article>\n\t\t\t\t<article class=\"elementor-post elementor-grid-item post-14034 post type-post status-publish format-standard has-post-thumbnail hentry category-your-first-time-in-mallorca tag-benefit-of-cycling tag-bike-rental-in-mallorca tag-cycling-vs-driving-in-mallorca tag-your-first-time-in-mallorca\" role=\"listitem\">\n\t\t\t<div class=\"elementor-post__card\">\n\t\t\t\t<a class=\"elementor-post__thumbnail__link\" href=\"https:\/\/www.ultimatebikehiremallorca.com\/fr\/votre-premiere-fois-a-majorque-20-erreurs-a-eviter\/\" tabindex=\"-1\" ><div class=\"elementor-post__thumbnail\"><img loading=\"lazy\" decoding=\"async\" width=\"1500\" height=\"1000\" src=\"https:\/\/www.ultimatebikehiremallorca.com\/wp-content\/uploads\/2025\/11\/Your-First-Time-in-Mallorca-20-Mistakes-to-Avoid.jpg\" class=\"attachment-full size-full wp-image-14036\" alt=\"Votre premi\u00e8re fois \u00e0 Majorque 20 erreurs \u00e0 \u00e9viter\" srcset=\"https:\/\/www.ultimatebikehiremallorca.com\/wp-content\/uploads\/2025\/11\/Your-First-Time-in-Mallorca-20-Mistakes-to-Avoid.jpg 1500w, https:\/\/www.ultimatebikehiremallorca.com\/wp-content\/uploads\/2025\/11\/Your-First-Time-in-Mallorca-20-Mistakes-to-Avoid-300x200.jpg 300w, https:\/\/www.ultimatebikehiremallorca.com\/wp-content\/uploads\/2025\/11\/Your-First-Time-in-Mallorca-20-Mistakes-to-Avoid-1024x683.jpg 1024w, https:\/\/www.ultimatebikehiremallorca.com\/wp-content\/uploads\/2025\/11\/Your-First-Time-in-Mallorca-20-Mistakes-to-Avoid-768x512.jpg 768w, https:\/\/www.ultimatebikehiremallorca.com\/wp-content\/uploads\/2025\/11\/Your-First-Time-in-Mallorca-20-Mistakes-to-Avoid-18x12.jpg 18w\" sizes=\"(max-width: 1500px) 100vw, 1500px\" \/><\/div><\/a>\n\t\t\t\t<div class=\"elementor-post__text\">\n\t\t\t\t<h4 class=\"elementor-post__title\">\n\t\t\t<a href=\"https:\/\/www.ultimatebikehiremallorca.com\/fr\/votre-premiere-fois-a-majorque-20-erreurs-a-eviter\/\" >\n\t\t\t\tVotre premi\u00e8re fois \u00e0 Majorque ? 20 erreurs \u00e0 \u00e9viter\t\t\t<\/a>\n\t\t<\/h4>\n\t\t\n\t\t<a class=\"elementor-post__read-more\" href=\"https:\/\/www.ultimatebikehiremallorca.com\/fr\/votre-premiere-fois-a-majorque-20-erreurs-a-eviter\/\" aria-label=\"En savoir plus sur Your First Time in Mallorca? 20 Mistakes to Avoid\" tabindex=\"-1\" >\n\t\t\tLire la suite\t\t<\/a>\n\n\t\t\t\t<\/div>\n\t\t\t\t\t<\/div>\n\t\t<\/article>\n\t\t\t\t<article class=\"elementor-post elementor-grid-item post-14030 post type-post status-publish format-standard has-post-thumbnail hentry category-cycling-mallorca-alone tag-benefit-of-cycling tag-bike-rental-in-mallorca tag-cycling-mallorca-alone\" role=\"listitem\">\n\t\t\t<div class=\"elementor-post__card\">\n\t\t\t\t<a class=\"elementor-post__thumbnail__link\" href=\"https:\/\/www.ultimatebikehiremallorca.com\/fr\/faire-du-velo-seul-a-mallorque-en-toute-tranquillite-en-toute-securite-et-cela-en-vaut-la-peine\/\" tabindex=\"-1\" ><div class=\"elementor-post__thumbnail\"><img loading=\"lazy\" decoding=\"async\" width=\"715\" height=\"477\" src=\"https:\/\/www.ultimatebikehiremallorca.com\/wp-content\/uploads\/2025\/10\/Cycling-Mallorca-Alone-Peaceful-Safe-and-Worth-It.jpg\" class=\"attachment-full size-full wp-image-14032\" alt=\"Faire du v\u00e9lo seul \u00e0 Majorque, c&#039;est paisible, s\u00fbr et \u00e7a en vaut la peine\" srcset=\"https:\/\/www.ultimatebikehiremallorca.com\/wp-content\/uploads\/2025\/10\/Cycling-Mallorca-Alone-Peaceful-Safe-and-Worth-It.jpg 715w, https:\/\/www.ultimatebikehiremallorca.com\/wp-content\/uploads\/2025\/10\/Cycling-Mallorca-Alone-Peaceful-Safe-and-Worth-It-300x200.jpg 300w, https:\/\/www.ultimatebikehiremallorca.com\/wp-content\/uploads\/2025\/10\/Cycling-Mallorca-Alone-Peaceful-Safe-and-Worth-It-18x12.jpg 18w\" sizes=\"(max-width: 715px) 100vw, 715px\" \/><\/div><\/a>\n\t\t\t\t<div class=\"elementor-post__text\">\n\t\t\t\t<h4 class=\"elementor-post__title\">\n\t\t\t<a href=\"https:\/\/www.ultimatebikehiremallorca.com\/fr\/faire-du-velo-seul-a-mallorque-en-toute-tranquillite-en-toute-securite-et-cela-en-vaut-la-peine\/\" >\n\t\t\t\tCyclisme \u00e0 Majorque en solitaire : Tranquille, s\u00fbr, et qui en vaut la peine\t\t\t<\/a>\n\t\t<\/h4>\n\t\t\n\t\t<a class=\"elementor-post__read-more\" href=\"https:\/\/www.ultimatebikehiremallorca.com\/fr\/faire-du-velo-seul-a-mallorque-en-toute-tranquillite-en-toute-securite-et-cela-en-vaut-la-peine\/\" aria-label=\"En savoir plus sur Cycling Mallorca Alone: Peaceful, Safe, and Worth It\" tabindex=\"-1\" >\n\t\t\tLire la suite\t\t<\/a>\n\n\t\t\t\t<\/div>\n\t\t\t\t\t<\/div>\n\t\t<\/article>\n\t\t\t\t<article class=\"elementor-post elementor-grid-item post-14026 post type-post status-publish format-standard has-post-thumbnail hentry category-bike-friendly-stays-in-mallorca tag-bike-hire-rental tag-bike-rental-in-mallorca tag-bike-friendly-stays-in-mallorca\" role=\"listitem\">\n\t\t\t<div class=\"elementor-post__card\">\n\t\t\t\t<a class=\"elementor-post__thumbnail__link\" href=\"https:\/\/www.ultimatebikehiremallorca.com\/fr\/sejours-a-velo-a-mallorque-hotels-retraites-cachees\/\" tabindex=\"-1\" ><div class=\"elementor-post__thumbnail\"><img loading=\"lazy\" decoding=\"async\" width=\"1500\" height=\"1000\" src=\"https:\/\/www.ultimatebikehiremallorca.com\/wp-content\/uploads\/2025\/10\/Bike-Friendly-Stays-in-Mallorca-Hotels-Fincas-Hidden-Retreats.jpg\" class=\"attachment-full size-full wp-image-14027\" alt=\"S\u00e9jours \u00e0 v\u00e9lo \u00e0 Majorque\" srcset=\"https:\/\/www.ultimatebikehiremallorca.com\/wp-content\/uploads\/2025\/10\/Bike-Friendly-Stays-in-Mallorca-Hotels-Fincas-Hidden-Retreats.jpg 1500w, https:\/\/www.ultimatebikehiremallorca.com\/wp-content\/uploads\/2025\/10\/Bike-Friendly-Stays-in-Mallorca-Hotels-Fincas-Hidden-Retreats-300x200.jpg 300w, https:\/\/www.ultimatebikehiremallorca.com\/wp-content\/uploads\/2025\/10\/Bike-Friendly-Stays-in-Mallorca-Hotels-Fincas-Hidden-Retreats-1024x683.jpg 1024w, https:\/\/www.ultimatebikehiremallorca.com\/wp-content\/uploads\/2025\/10\/Bike-Friendly-Stays-in-Mallorca-Hotels-Fincas-Hidden-Retreats-768x512.jpg 768w, https:\/\/www.ultimatebikehiremallorca.com\/wp-content\/uploads\/2025\/10\/Bike-Friendly-Stays-in-Mallorca-Hotels-Fincas-Hidden-Retreats-18x12.jpg 18w\" sizes=\"(max-width: 1500px) 100vw, 1500px\" \/><\/div><\/a>\n\t\t\t\t<div class=\"elementor-post__text\">\n\t\t\t\t<h4 class=\"elementor-post__title\">\n\t\t\t<a href=\"https:\/\/www.ultimatebikehiremallorca.com\/fr\/sejours-a-velo-a-mallorque-hotels-retraites-cachees\/\" >\n\t\t\t\tS\u00e9jour \u00e0 v\u00e9lo \u00e0 Majorque : H\u00f4tels, Fincas et retraites cach\u00e9es\t\t\t<\/a>\n\t\t<\/h4>\n\t\t\n\t\t<a class=\"elementor-post__read-more\" href=\"https:\/\/www.ultimatebikehiremallorca.com\/fr\/sejours-a-velo-a-mallorque-hotels-retraites-cachees\/\" aria-label=\"En savoir plus sur Bike-Friendly Stays in Mallorca: Hotels, Fincas &#038; Hidden Retreats\" tabindex=\"-1\" >\n\t\t\tLire la suite\t\t<\/a>\n\n\t\t\t\t<\/div>\n\t\t\t\t\t<\/div>\n\t\t<\/article>\n\t\t\t\t<article class=\"elementor-post elementor-grid-item post-14021 post type-post status-publish format-standard has-post-thumbnail hentry category-what-the-locals-do-in-mallorca tag-benefit-of-cycling tag-bike-rental-in-mallorca tag-cycling-in-mallorca tag-what-locals-do-in-mallorca-after-summer-ends\" role=\"listitem\">\n\t\t\t<div class=\"elementor-post__card\">\n\t\t\t\t<a class=\"elementor-post__thumbnail__link\" href=\"https:\/\/www.ultimatebikehiremallorca.com\/fr\/ce-que-les-locaux-font-a-mallorque\/\" tabindex=\"-1\" ><div class=\"elementor-post__thumbnail\"><img loading=\"lazy\" decoding=\"async\" width=\"1500\" height=\"1001\" src=\"https:\/\/www.ultimatebikehiremallorca.com\/wp-content\/uploads\/2025\/10\/What-the-Locals-Do-in-Mallorca-Once-Summer-Ends.jpg\" class=\"attachment-full size-full wp-image-14022\" alt=\"Ce que les locaux font \u00e0 Majorque une fois l&#039;\u00e9t\u00e9 termin\u00e9\" srcset=\"https:\/\/www.ultimatebikehiremallorca.com\/wp-content\/uploads\/2025\/10\/What-the-Locals-Do-in-Mallorca-Once-Summer-Ends.jpg 1500w, https:\/\/www.ultimatebikehiremallorca.com\/wp-content\/uploads\/2025\/10\/What-the-Locals-Do-in-Mallorca-Once-Summer-Ends-300x200.jpg 300w, https:\/\/www.ultimatebikehiremallorca.com\/wp-content\/uploads\/2025\/10\/What-the-Locals-Do-in-Mallorca-Once-Summer-Ends-1024x683.jpg 1024w, https:\/\/www.ultimatebikehiremallorca.com\/wp-content\/uploads\/2025\/10\/What-the-Locals-Do-in-Mallorca-Once-Summer-Ends-768x513.jpg 768w, https:\/\/www.ultimatebikehiremallorca.com\/wp-content\/uploads\/2025\/10\/What-the-Locals-Do-in-Mallorca-Once-Summer-Ends-18x12.jpg 18w\" sizes=\"(max-width: 1500px) 100vw, 1500px\" \/><\/div><\/a>\n\t\t\t\t<div class=\"elementor-post__text\">\n\t\t\t\t<h4 class=\"elementor-post__title\">\n\t\t\t<a href=\"https:\/\/www.ultimatebikehiremallorca.com\/fr\/ce-que-les-locaux-font-a-mallorque\/\" >\n\t\t\t\tCe que les locaux font \u00e0 Majorque une fois l'\u00e9t\u00e9 termin\u00e9\t\t\t<\/a>\n\t\t<\/h4>\n\t\t\n\t\t<a class=\"elementor-post__read-more\" href=\"https:\/\/www.ultimatebikehiremallorca.com\/fr\/ce-que-les-locaux-font-a-mallorque\/\" aria-label=\"En savoir plus sur What the Locals Do in Mallorca Once Summer Ends\" tabindex=\"-1\" >\n\t\t\tLire la suite\t\t<\/a>\n\n\t\t\t\t<\/div>\n\t\t\t\t\t<\/div>\n\t\t<\/article>\n\t\t\t\t<article class=\"elementor-post elementor-grid-item post-13999 post type-post status-publish format-standard has-post-thumbnail hentry category-ultimate-mallorca-biking-packing tag-benefit-of-cycling tag-bike-rental-in-mallorca tag-ultimate-mallorca-biking-packing\" role=\"listitem\">\n\t\t\t<div class=\"elementor-post__card\">\n\t\t\t\t<a class=\"elementor-post__thumbnail__link\" href=\"https:\/\/www.ultimatebikehiremallorca.com\/fr\/lultime-liste-de-bagages-pour-le-cyclisme-a-mallorque-edition-insulaire\/\" tabindex=\"-1\" ><div class=\"elementor-post__thumbnail\"><img loading=\"lazy\" decoding=\"async\" width=\"1500\" height=\"1000\" src=\"https:\/\/www.ultimatebikehiremallorca.com\/wp-content\/uploads\/2025\/09\/The-Ultimate-Mallorca-Biking-Packing-List-Island-Edition.jpg\" class=\"attachment-full size-full wp-image-14001\" alt=\"La meilleure fa\u00e7on de faire ses bagages pour le v\u00e9lo \u00e0 Majorque\" srcset=\"https:\/\/www.ultimatebikehiremallorca.com\/wp-content\/uploads\/2025\/09\/The-Ultimate-Mallorca-Biking-Packing-List-Island-Edition.jpg 1500w, https:\/\/www.ultimatebikehiremallorca.com\/wp-content\/uploads\/2025\/09\/The-Ultimate-Mallorca-Biking-Packing-List-Island-Edition-300x200.jpg 300w, https:\/\/www.ultimatebikehiremallorca.com\/wp-content\/uploads\/2025\/09\/The-Ultimate-Mallorca-Biking-Packing-List-Island-Edition-1024x683.jpg 1024w, https:\/\/www.ultimatebikehiremallorca.com\/wp-content\/uploads\/2025\/09\/The-Ultimate-Mallorca-Biking-Packing-List-Island-Edition-768x512.jpg 768w, https:\/\/www.ultimatebikehiremallorca.com\/wp-content\/uploads\/2025\/09\/The-Ultimate-Mallorca-Biking-Packing-List-Island-Edition-18x12.jpg 18w\" sizes=\"(max-width: 1500px) 100vw, 1500px\" \/><\/div><\/a>\n\t\t\t\t<div class=\"elementor-post__text\">\n\t\t\t\t<h4 class=\"elementor-post__title\">\n\t\t\t<a href=\"https:\/\/www.ultimatebikehiremallorca.com\/fr\/lultime-liste-de-bagages-pour-le-cyclisme-a-mallorque-edition-insulaire\/\" >\n\t\t\t\tL'ultime liste de bagages pour le v\u00e9lo \u00e0 Majorque - \u00c9dition de l'\u00eele\t\t\t<\/a>\n\t\t<\/h4>\n\t\t\n\t\t<a class=\"elementor-post__read-more\" href=\"https:\/\/www.ultimatebikehiremallorca.com\/fr\/lultime-liste-de-bagages-pour-le-cyclisme-a-mallorque-edition-insulaire\/\" aria-label=\"En savoir plus sur The Ultimate Mallorca Biking Packing List-Island Edition\" tabindex=\"-1\" >\n\t\t\tLire la suite\t\t<\/a>\n\n\t\t\t\t<\/div>\n\t\t\t\t\t<\/div>\n\t\t<\/article>\n\t\t\t\t<article class=\"elementor-post elementor-grid-item post-13995 post type-post status-publish format-standard has-post-thumbnail hentry category-best-month-to-visit-mallorca tag-benefit-of-cycling tag-best-month-to-visit-mallorca tag-bike-hire-rental tag-bike-rental-in-mallorca\" role=\"listitem\">\n\t\t\t<div class=\"elementor-post__card\">\n\t\t\t\t<a class=\"elementor-post__thumbnail__link\" href=\"https:\/\/www.ultimatebikehiremallorca.com\/fr\/pourquoi-septembre-est-peut-etre-le-meilleur-mois-pour-visiter-lile-de-majorque\/\" tabindex=\"-1\" ><div class=\"elementor-post__thumbnail\"><img loading=\"lazy\" decoding=\"async\" width=\"1600\" height=\"1067\" src=\"https:\/\/www.ultimatebikehiremallorca.com\/wp-content\/uploads\/2025\/09\/Why-September-Might-Be-the-Best-Month-to-Visit-Mallorca-PNG-rotated.jpg\" class=\"attachment-full size-full wp-image-13996\" alt=\"D\u00e9couvrez pourquoi le mois de septembre est parfait pour Majorque : moins de touristes, un soleil doux, une mer chaude et des habitants d\u00e9tendus. Explorez l&#039;\u00eele \u00e0 v\u00e9lo avec Ultimate Bike Hire.\" srcset=\"https:\/\/www.ultimatebikehiremallorca.com\/wp-content\/uploads\/2025\/09\/Why-September-Might-Be-the-Best-Month-to-Visit-Mallorca-PNG-rotated.jpg 1600w, https:\/\/www.ultimatebikehiremallorca.com\/wp-content\/uploads\/2025\/09\/Why-September-Might-Be-the-Best-Month-to-Visit-Mallorca-PNG-300x200.jpg 300w, https:\/\/www.ultimatebikehiremallorca.com\/wp-content\/uploads\/2025\/09\/Why-September-Might-Be-the-Best-Month-to-Visit-Mallorca-PNG-1024x683.jpg 1024w, https:\/\/www.ultimatebikehiremallorca.com\/wp-content\/uploads\/2025\/09\/Why-September-Might-Be-the-Best-Month-to-Visit-Mallorca-PNG-768x512.jpg 768w, https:\/\/www.ultimatebikehiremallorca.com\/wp-content\/uploads\/2025\/09\/Why-September-Might-Be-the-Best-Month-to-Visit-Mallorca-PNG-1536x1024.jpg 1536w, https:\/\/www.ultimatebikehiremallorca.com\/wp-content\/uploads\/2025\/09\/Why-September-Might-Be-the-Best-Month-to-Visit-Mallorca-PNG-18x12.jpg 18w\" sizes=\"(max-width: 1600px) 100vw, 1600px\" \/><\/div><\/a>\n\t\t\t\t<div class=\"elementor-post__text\">\n\t\t\t\t<h4 class=\"elementor-post__title\">\n\t\t\t<a href=\"https:\/\/www.ultimatebikehiremallorca.com\/fr\/pourquoi-septembre-est-peut-etre-le-meilleur-mois-pour-visiter-lile-de-majorque\/\" >\n\t\t\t\tPourquoi septembre est-il le meilleur mois pour visiter Majorque ?\t\t\t<\/a>\n\t\t<\/h4>\n\t\t\n\t\t<a class=\"elementor-post__read-more\" href=\"https:\/\/www.ultimatebikehiremallorca.com\/fr\/pourquoi-septembre-est-peut-etre-le-meilleur-mois-pour-visiter-lile-de-majorque\/\" aria-label=\"En savoir plus sur Why September Might Be the Best Month to Visit Mallorca\" tabindex=\"-1\" >\n\t\t\tLire la suite\t\t<\/a>\n\n\t\t\t\t<\/div>\n\t\t\t\t\t<\/div>\n\t\t<\/article>\n\t\t\t\t<\/div>\n\t\t\n\t\t\t\t\t\t<\/div>\n\t\t\t\t<\/div>\n\t\t\t\t\t<\/div>\n\t\t\t\t<\/div>\n\t\t\t\t<\/div>","protected":false},"excerpt":{"rendered":"<p>Blog D\u00e9couvrez la beaut\u00e9 de Majorque avec Ultimate Bike Hire.<\/p>","protected":false},"author":2,"featured_media":0,"parent":0,"menu_order":0,"comment_status":"closed","ping_status":"closed","template":"","meta":{"footnotes":""},"class_list":["post-13324","page","type-page","status-publish","hentry"],"_links":{"self":[{"href":"https:\/\/www.ultimatebikehiremallorca.com\/fr\/wp-json\/wp\/v2\/pages\/13324","targetHints":{"allow":["GET"]}}],"collection":[{"href":"https:\/\/www.ultimatebikehiremallorca.com\/fr\/wp-json\/wp\/v2\/pages"}],"about":[{"href":"https:\/\/www.ultimatebikehiremallorca.com\/fr\/wp-json\/wp\/v2\/types\/page"}],"author":[{"embeddable":true,"href":"https:\/\/www.ultimatebikehiremallorca.com\/fr\/wp-json\/wp\/v2\/users\/2"}],"replies":[{"embeddable":true,"href":"https:\/\/www.ultimatebikehiremallorca.com\/fr\/wp-json\/wp\/v2\/comments?post=13324"}],"version-history":[{"count":0,"href":"https:\/\/www.ultimatebikehiremallorca.com\/fr\/wp-json\/wp\/v2\/pages\/13324\/revisions"}],"wp:attachment":[{"href":"https:\/\/www.ultimatebikehiremallorca.com\/fr\/wp-json\/wp\/v2\/media?parent=13324"}],"curies":[{"name":"wp","href":"https:\/\/api.w.org\/{rel}","templated":true}]}}