{"id":12934,"date":"2023-07-31T14:48:28","date_gmt":"2023-07-31T14:48:28","guid":{"rendered":"https:\/\/www.ultimatebikehiremallorca.com\/?page_id=12934"},"modified":"2023-09-18T22:06:03","modified_gmt":"2023-09-18T22:06:03","slug":"bike-hire-alcudia","status":"publish","type":"page","link":"https:\/\/www.ultimatebikehiremallorca.com\/fr\/location-de-velos-alcudia\/","title":{"rendered":"\ud83d\udccd Location de v\u00e9los Alcudia"},"content":{"rendered":"<div data-elementor-type=\"wp-page\" data-elementor-id=\"12934\" class=\"elementor elementor-12934\" data-elementor-post-type=\"page\">\n\t\t\t\t<div class=\"elementor-element elementor-element-2ad2b668 e-con-full e-flex e-con e-parent\" data-id=\"2ad2b668\" data-element_type=\"container\" data-settings=\"{&quot;background_background&quot;:&quot;classic&quot;}\">\n\t\t<div class=\"elementor-element elementor-element-bc8ab67 e-con-full e-flex e-con e-parent\" data-id=\"bc8ab67\" data-element_type=\"container\">\n\t\t\t\t<div class=\"elementor-element elementor-element-8f8b047 elementor-widget elementor-widget-image\" data-id=\"8f8b047\" data-element_type=\"widget\" data-settings=\"{&quot;_animation&quot;:&quot;none&quot;,&quot;_animation_delay&quot;:2000}\" data-widget_type=\"image.default\">\n\t\t\t\t<div class=\"elementor-widget-container\">\n\t\t\t\t\t\t\t\t\t\t\t\t\t\t\t<img fetchpriority=\"high\" decoding=\"async\" width=\"300\" height=\"200\" src=\"https:\/\/www.ultimatebikehiremallorca.com\/wp-content\/uploads\/2021\/11\/UBH-LOGO-PNG-white.png\" class=\"attachment-large size-large wp-image-11145\" alt=\"\" srcset=\"https:\/\/www.ultimatebikehiremallorca.com\/wp-content\/uploads\/2021\/11\/UBH-LOGO-PNG-white.png 300w, https:\/\/www.ultimatebikehiremallorca.com\/wp-content\/uploads\/2021\/11\/UBH-LOGO-PNG-white-18x12.png 18w\" sizes=\"(max-width: 300px) 100vw, 300px\" \/>\t\t\t\t\t\t\t\t\t\t\t\t\t\t\t<\/div>\n\t\t\t\t<\/div>\n\t\t\t\t<div class=\"elementor-element elementor-element-7461f4b elementor-widget__width-initial elementor-widget elementor-widget-heading\" data-id=\"7461f4b\" data-element_type=\"widget\" data-settings=\"{&quot;_animation&quot;:&quot;none&quot;}\" data-widget_type=\"heading.default\">\n\t\t\t\t<div class=\"elementor-widget-container\">\n\t\t\t\t\t<h1 class=\"elementor-heading-title elementor-size-default\">Location de v\u00e9los de route Alcudia, livr\u00e9s \u00e0 votre h\u00e9bergement<\/h1>\t\t\t\t<\/div>\n\t\t\t\t<\/div>\n\t\t\t\t<div class=\"elementor-element elementor-element-75f7ac8 elementor-widget__width-initial elementor-widget elementor-widget-text-editor\" data-id=\"75f7ac8\" data-element_type=\"widget\" data-settings=\"{&quot;_animation&quot;:&quot;none&quot;}\" data-widget_type=\"text-editor.default\">\n\t\t\t\t<div class=\"elementor-widget-container\">\n\t\t\t\t\t\t\t\t\t<p><b>Faites l'exp\u00e9rience de l'ultime location de v\u00e9los \u00e0 Alcudia - votre porte d'entr\u00e9e pour le cyclisme de qualit\u00e9 au paradis. Des v\u00e9los de qualit\u00e9 pour tous, d\u00e9couvrez les merveilles du Port d'Alcudia sur deux roues.<\/b><\/p>\t\t\t\t\t\t\t\t<\/div>\n\t\t\t\t<\/div>\n\t\t\t\t<div class=\"elementor-element elementor-element-5f03cff elementor-widget elementor-widget-button\" data-id=\"5f03cff\" data-element_type=\"widget\" data-widget_type=\"button.default\">\n\t\t\t\t<div class=\"elementor-widget-container\">\n\t\t\t\t\t\t\t\t\t<div class=\"elementor-button-wrapper\">\n\t\t\t\t\t<a class=\"elementor-button elementor-button-link elementor-size-sm elementor-animation-float\" href=\"https:\/\/app.bikerentalmanager.com\/book.html?shop=ultimatebikehire&#038;lang=en\" target=\"_blank\" rel=\"noopener\">\n\t\t\t\t\t\t<span class=\"elementor-button-content-wrapper\">\n\t\t\t\t\t\t<span class=\"elementor-button-icon\">\n\t\t\t\t<svg aria-hidden=\"true\" class=\"e-font-icon-svg e-fas-arrow-circle-right\" viewbox=\"0 0 512 512\" xmlns=\"http:\/\/www.w3.org\/2000\/svg\"><path d=\"M256 8c137 0 248 111 248 248S393 504 256 504 8 393 8 256 119 8 256 8zm-28.9 143.6l75.5 72.4H120c-13.3 0-24 10.7-24 24v16c0 13.3 10.7 24 24 24h182.6l-75.5 72.4c-9.7 9.3-9.9 24.8-.4 34.3l11 10.9c9.4 9.4 24.6 9.4 33.9 0L404.3 273c9.4-9.4 9.4-24.6 0-33.9L271.6 106.3c-9.4-9.4-24.6-9.4-33.9 0l-11 10.9c-9.5 9.6-9.3 25.1.4 34.4z\"><\/path><\/svg>\t\t\t<\/span>\n\t\t\t\t\t\t\t\t\t<span class=\"elementor-button-text\">R\u00c9SERVEZ VOS V\u00c9LOS<\/span>\n\t\t\t\t\t<\/span>\n\t\t\t\t\t<\/a>\n\t\t\t\t<\/div>\n\t\t\t\t\t\t\t\t<\/div>\n\t\t\t\t<\/div>\n\t\t\t\t<\/div>\n\t\t\t\t<\/div>\n\t\t<div class=\"elementor-element elementor-element-52b7619 e-flex e-con-boxed e-con e-parent\" data-id=\"52b7619\" data-element_type=\"container\">\n\t\t\t\t\t<div class=\"e-con-inner\">\n\t\t<div class=\"elementor-element elementor-element-6ab219a e-con-full e-flex e-con e-parent\" data-id=\"6ab219a\" data-element_type=\"container\">\n\t\t\t\t<div class=\"elementor-element elementor-element-d750b0b elementor-hidden-mobile_extra elementor-hidden-mobile elementor-widget elementor-widget-image\" data-id=\"d750b0b\" data-element_type=\"widget\" data-widget_type=\"image.default\">\n\t\t\t\t<div class=\"elementor-widget-container\">\n\t\t\t\t\t\t\t\t\t\t\t\t\t\t\t<img decoding=\"async\" width=\"768\" height=\"512\" src=\"https:\/\/www.ultimatebikehiremallorca.com\/wp-content\/uploads\/2023\/02\/Ultimate-Bike-Hire-Mallorca-Bike-Rental-Service-in-Mallorca-Horizontal-31-768x512.jpg\" class=\"attachment-medium_large size-medium_large wp-image-11950\" alt=\"Touristes explorant les montagnes de Majorque avec des v\u00e9los de route lou\u00e9s\" srcset=\"https:\/\/www.ultimatebikehiremallorca.com\/wp-content\/uploads\/2023\/02\/Ultimate-Bike-Hire-Mallorca-Bike-Rental-Service-in-Mallorca-Horizontal-31-768x512.jpg 768w, https:\/\/www.ultimatebikehiremallorca.com\/wp-content\/uploads\/2023\/02\/Ultimate-Bike-Hire-Mallorca-Bike-Rental-Service-in-Mallorca-Horizontal-31-1536x1024.jpg 1536w, https:\/\/www.ultimatebikehiremallorca.com\/wp-content\/uploads\/2023\/02\/Ultimate-Bike-Hire-Mallorca-Bike-Rental-Service-in-Mallorca-Horizontal-31-300x200.jpg 300w, https:\/\/www.ultimatebikehiremallorca.com\/wp-content\/uploads\/2023\/02\/Ultimate-Bike-Hire-Mallorca-Bike-Rental-Service-in-Mallorca-Horizontal-31-1024x683.jpg 1024w, https:\/\/www.ultimatebikehiremallorca.com\/wp-content\/uploads\/2023\/02\/Ultimate-Bike-Hire-Mallorca-Bike-Rental-Service-in-Mallorca-Horizontal-31-18x12.jpg 18w, https:\/\/www.ultimatebikehiremallorca.com\/wp-content\/uploads\/2023\/02\/Ultimate-Bike-Hire-Mallorca-Bike-Rental-Service-in-Mallorca-Horizontal-31.jpg 1920w\" sizes=\"(max-width: 768px) 100vw, 768px\" \/>\t\t\t\t\t\t\t\t\t\t\t\t\t\t\t<\/div>\n\t\t\t\t<\/div>\n\t\t\t\t<\/div>\n\t\t<div class=\"elementor-element elementor-element-bcb6e2d e-con-full e-flex elementor-invisible e-con e-parent\" data-id=\"bcb6e2d\" data-element_type=\"container\" data-settings=\"{&quot;animation&quot;:&quot;fadeIn&quot;}\">\n\t\t\t\t<div class=\"elementor-element elementor-element-53ca255 elementor-widget elementor-widget-heading\" data-id=\"53ca255\" data-element_type=\"widget\" data-widget_type=\"heading.default\">\n\t\t\t\t<div class=\"elementor-widget-container\">\n\t\t\t\t\t<h2 class=\"elementor-heading-title elementor-size-default\">Bienvenue sur notre site de location de v\u00e9los \u00e0 Alcudia<\/h2>\t\t\t\t<\/div>\n\t\t\t\t<\/div>\n\t\t\t\t<div class=\"elementor-element elementor-element-9bc4831 elementor-widget elementor-widget-text-editor\" data-id=\"9bc4831\" data-element_type=\"widget\" data-widget_type=\"text-editor.default\">\n\t\t\t\t<div class=\"elementor-widget-container\">\n\t\t\t\t\t\t\t\t\t<p>Bienvenue sur notre site de location de v\u00e9los \u00e0 Alcudia ! En tant que passionn\u00e9s de cyclisme, nous comprenons l'importance d'avoir le bon v\u00e9lo pour le travail. C'est pourquoi nous nous sommes engag\u00e9s \u00e0 fournir des v\u00e9los de qualit\u00e9 sup\u00e9rieure aux cyclistes de la belle ville d'Alcudia.<\/p><p>Notre flotte de v\u00e9los est soigneusement s\u00e9lectionn\u00e9e pour n'inclure que les meilleurs mod\u00e8les des plus grandes marques. Que vous soyez un professionnel chevronn\u00e9 \u00e0 la recherche d'un v\u00e9lo performant ou un d\u00e9butant \u00e0 la recherche d'un v\u00e9lo fiable et confortable, nous avons ce qu'il vous faut. Tous nos v\u00e9los sont bien entretenus et \u00e9quip\u00e9s de tout ce dont vous avez besoin pour une conduite fluide et agr\u00e9able.<\/p><p>Notre service de location de v\u00e9los \u00e0 Alcudia offre un service de livraison pratique qui apportera un v\u00e9lo directement \u00e0 votre h\u00e9bergement ou \u00e0 n'importe quel endroit dans la r\u00e9gion. Ainsi, vous pouvez commencer votre aventure \u00e0 v\u00e9lo d\u00e8s votre arriv\u00e9e \u00e0 Alcudia sans avoir \u00e0 transporter votre propre v\u00e9lo.<\/p>\t\t\t\t\t\t\t\t<\/div>\n\t\t\t\t<\/div>\n\t\t\t\t<div class=\"elementor-element elementor-element-44b1163 elementor-align-left elementor-mobile-align-center elementor-widget elementor-widget-button\" data-id=\"44b1163\" data-element_type=\"widget\" data-widget_type=\"button.default\">\n\t\t\t\t<div class=\"elementor-widget-container\">\n\t\t\t\t\t\t\t\t\t<div class=\"elementor-button-wrapper\">\n\t\t\t\t\t<a class=\"elementor-button elementor-button-link elementor-size-sm elementor-animation-float\" href=\"https:\/\/app.bikerentalmanager.com\/book.html?shop=ultimatebikehire&#038;lang=en\" target=\"_blank\" rel=\"noopener\">\n\t\t\t\t\t\t<span class=\"elementor-button-content-wrapper\">\n\t\t\t\t\t\t<span class=\"elementor-button-icon\">\n\t\t\t\t<svg aria-hidden=\"true\" class=\"e-font-icon-svg e-fas-arrow-circle-right\" viewbox=\"0 0 512 512\" xmlns=\"http:\/\/www.w3.org\/2000\/svg\"><path d=\"M256 8c137 0 248 111 248 248S393 504 256 504 8 393 8 256 119 8 256 8zm-28.9 143.6l75.5 72.4H120c-13.3 0-24 10.7-24 24v16c0 13.3 10.7 24 24 24h182.6l-75.5 72.4c-9.7 9.3-9.9 24.8-.4 34.3l11 10.9c9.4 9.4 24.6 9.4 33.9 0L404.3 273c9.4-9.4 9.4-24.6 0-33.9L271.6 106.3c-9.4-9.4-24.6-9.4-33.9 0l-11 10.9c-9.5 9.6-9.3 25.1.4 34.4z\"><\/path><\/svg>\t\t\t<\/span>\n\t\t\t\t\t\t\t\t\t<span class=\"elementor-button-text\">R\u00c9SERVATIONS<\/span>\n\t\t\t\t\t<\/span>\n\t\t\t\t\t<\/a>\n\t\t\t\t<\/div>\n\t\t\t\t\t\t\t\t<\/div>\n\t\t\t\t<\/div>\n\t\t\t\t<\/div>\n\t\t\t\t\t<\/div>\n\t\t\t\t<\/div>\n\t\t<div class=\"elementor-element elementor-element-a092363 e-con-full e-flex e-con e-parent\" data-id=\"a092363\" data-element_type=\"container\" data-settings=\"{&quot;background_background&quot;:&quot;classic&quot;}\">\n\t\t\t\t<div class=\"elementor-element elementor-element-11e737e elementor-arrows-position-inside elementor-pagination-position-outside elementor-widget elementor-widget-image-carousel\" data-id=\"11e737e\" data-element_type=\"widget\" data-settings=\"{&quot;image_spacing_custom&quot;:{&quot;unit&quot;:&quot;px&quot;,&quot;size&quot;:10,&quot;sizes&quot;:[]},&quot;slides_to_show_mobile&quot;:&quot;1&quot;,&quot;slides_to_show_tablet&quot;:&quot;2&quot;,&quot;slides_to_show&quot;:&quot;2&quot;,&quot;navigation&quot;:&quot;both&quot;,&quot;autoplay&quot;:&quot;yes&quot;,&quot;pause_on_hover&quot;:&quot;yes&quot;,&quot;pause_on_interaction&quot;:&quot;yes&quot;,&quot;autoplay_speed&quot;:5000,&quot;infinite&quot;:&quot;yes&quot;,&quot;speed&quot;:500,&quot;image_spacing_custom_widescreen&quot;:{&quot;unit&quot;:&quot;px&quot;,&quot;size&quot;:&quot;&quot;,&quot;sizes&quot;:[]},&quot;image_spacing_custom_laptop&quot;:{&quot;unit&quot;:&quot;px&quot;,&quot;size&quot;:&quot;&quot;,&quot;sizes&quot;:[]},&quot;image_spacing_custom_tablet_extra&quot;:{&quot;unit&quot;:&quot;px&quot;,&quot;size&quot;:&quot;&quot;,&quot;sizes&quot;:[]},&quot;image_spacing_custom_tablet&quot;:{&quot;unit&quot;:&quot;px&quot;,&quot;size&quot;:&quot;&quot;,&quot;sizes&quot;:[]},&quot;image_spacing_custom_mobile_extra&quot;:{&quot;unit&quot;:&quot;px&quot;,&quot;size&quot;:&quot;&quot;,&quot;sizes&quot;:[]}}\" data-widget_type=\"image-carousel.default\">\n\t\t\t\t<div class=\"elementor-widget-container\">\n\t\t\t\t\t\t\t<div class=\"elementor-image-carousel-wrapper swiper\" role=\"region\" aria-roledescription=\"carousel\" aria-label=\"Carrousel d&#039;images\" dir=\"ltr\">\n\t\t\t<div class=\"elementor-image-carousel swiper-wrapper\" aria-live=\"off\">\n\t\t\t\t\t\t\t\t<div class=\"swiper-slide\" role=\"group\" aria-roledescription=\"slide\" aria-label=\"1 de 6\"><figure class=\"swiper-slide-inner\"><img decoding=\"async\" class=\"swiper-slide-image\" src=\"https:\/\/www.ultimatebikehiremallorca.com\/wp-content\/uploads\/elementor\/thumbs\/Ultimate-Bike-Hire-Mallorca-Bike-Rental-Service-in-Mallorca-Horizontal-20-q3jsmn8tlcdh1jsptfm7cwnvag466lkatx7mrr4wec.jpg\" alt=\"Ultimate Bike Hire Mallorca - Service de location de v\u00e9los \u00e0 Majorque Horizontal (20)\" \/><\/figure><\/div><div class=\"swiper-slide\" role=\"group\" aria-roledescription=\"slide\" aria-label=\"2 de 6\"><figure class=\"swiper-slide-inner\"><img decoding=\"async\" class=\"swiper-slide-image\" src=\"https:\/\/www.ultimatebikehiremallorca.com\/wp-content\/uploads\/elementor\/thumbs\/Ultimate-Bike-Hire-Mallorca-Bike-Rental-Service-in-Mallorca-Horizontal-22-q3jsmfq42o36go3n1cd6syk6jd58h0qg4vzqxjg1s4.jpg\" alt=\"Passionn\u00e9s de v\u00e9lo de route \u00e0 Majorque, Puerto Pollensa\" \/><\/figure><\/div><div class=\"swiper-slide\" role=\"group\" aria-roledescription=\"slide\" aria-label=\"3 de 6\"><figure class=\"swiper-slide-inner\"><img decoding=\"async\" class=\"swiper-slide-image\" src=\"https:\/\/www.ultimatebikehiremallorca.com\/wp-content\/uploads\/elementor\/thumbs\/Ultimate-Bike-Hire-Mallorca-Bike-Rental-Service-in-Mallorca-Horizontal-32-q3jsjje1024cnyb6yl9lm6w0llfhqm88qjkuntqqys.jpg\" alt=\"D\u00e9couvrez Majorque avec les v\u00e9los de route professionnels d&#039;Ultimate Bike Hire\" \/><\/figure><\/div><div class=\"swiper-slide\" role=\"group\" aria-roledescription=\"slide\" aria-label=\"4 de 6\"><figure class=\"swiper-slide-inner\"><img decoding=\"async\" class=\"swiper-slide-image\" src=\"https:\/\/www.ultimatebikehiremallorca.com\/wp-content\/uploads\/elementor\/thumbs\/Ultimate-Bike-Hire-Mallorca-Bike-Rental-Service-in-Mallorca-Horizontal-24-q3jslqcgy54fr74i5je9fmyqhymbp6xp1edmz2hog4.jpg\" alt=\"Les amateurs de v\u00e9lo profitent des vacances \u00e0 v\u00e9lo \u00e0 Majorque\" \/><\/figure><\/div><div class=\"swiper-slide\" role=\"group\" aria-roledescription=\"slide\" aria-label=\"5 de 6\"><figure class=\"swiper-slide-inner\"><img decoding=\"async\" class=\"swiper-slide-image\" src=\"https:\/\/www.ultimatebikehiremallorca.com\/wp-content\/uploads\/elementor\/thumbs\/Ultimate-Bike-Hire-Mallorca-Bike-Rental-Service-in-Mallorca-Horizontal-33-q3jsjp1252c2lm301npd15gs5wnp0sumrbhrjhidxg.jpg\" alt=\"Vacances \u00e0 v\u00e9lo inoubliables \u00e0 Majorque, Puerto Pollensa\" \/><\/figure><\/div><div class=\"swiper-slide\" role=\"group\" aria-roledescription=\"slide\" aria-label=\"6 de 6\"><figure class=\"swiper-slide-inner\"><img decoding=\"async\" class=\"swiper-slide-image\" src=\"https:\/\/www.ultimatebikehiremallorca.com\/wp-content\/uploads\/elementor\/thumbs\/Ultimate-Bike-Hire-Mallorca-Bike-Rental-Service-in-Mallorca-Horizontal-9-q3jspvst4st1173ewtzxy390y85op2f0ly3ua2c374.jpg\" alt=\"Cyclistes louant des v\u00e9los de route \u00e0 Mallorca, Puerto Pollensa\" \/><\/figure><\/div>\t\t\t<\/div>\n\t\t\t\t\t\t\t\t\t\t\t\t<div class=\"elementor-swiper-button elementor-swiper-button-prev\" role=\"button\" tabindex=\"0\">\n\t\t\t\t\t\t<svg aria-hidden=\"true\" class=\"e-font-icon-svg e-eicon-chevron-left\" viewbox=\"0 0 1000 1000\" xmlns=\"http:\/\/www.w3.org\/2000\/svg\"><path d=\"M646 125C629 125 613 133 604 142L308 442C296 454 292 471 292 487 292 504 296 521 308 533L604 854C617 867 629 875 646 875 663 875 679 871 692 858 704 846 713 829 713 812 713 796 708 779 692 767L438 487 692 225C700 217 708 204 708 187 708 171 704 154 692 142 675 129 663 125 646 125Z\"><\/path><\/svg>\t\t\t\t\t<\/div>\n\t\t\t\t\t<div class=\"elementor-swiper-button elementor-swiper-button-next\" role=\"button\" tabindex=\"0\">\n\t\t\t\t\t\t<svg aria-hidden=\"true\" class=\"e-font-icon-svg e-eicon-chevron-right\" viewbox=\"0 0 1000 1000\" xmlns=\"http:\/\/www.w3.org\/2000\/svg\"><path d=\"M696 533C708 521 713 504 713 487 713 471 708 454 696 446L400 146C388 133 375 125 354 125 338 125 325 129 313 142 300 154 292 171 292 187 292 204 296 221 308 233L563 492 304 771C292 783 288 800 288 817 288 833 296 850 308 863 321 871 338 875 354 875 371 875 388 867 400 854L696 533Z\"><\/path><\/svg>\t\t\t\t\t<\/div>\n\t\t\t\t\n\t\t\t\t\t\t\t\t\t<div class=\"swiper-pagination\"><\/div>\n\t\t\t\t\t\t\t\t\t<\/div>\n\t\t\t\t\t\t<\/div>\n\t\t\t\t<\/div>\n\t\t\t\t<\/div>\n\t\t<div class=\"elementor-element elementor-element-593ebef e-flex e-con-boxed e-con e-parent\" data-id=\"593ebef\" data-element_type=\"container\">\n\t\t\t\t\t<div class=\"e-con-inner\">\n\t\t<div class=\"elementor-element elementor-element-86e785d e-con-full e-flex elementor-invisible e-con e-parent\" data-id=\"86e785d\" data-element_type=\"container\" data-settings=\"{&quot;animation&quot;:&quot;fadeIn&quot;}\">\n\t\t\t\t<div class=\"elementor-element elementor-element-88937da elementor-widget elementor-widget-heading\" data-id=\"88937da\" data-element_type=\"widget\" data-widget_type=\"heading.default\">\n\t\t\t\t<div class=\"elementor-widget-container\">\n\t\t\t\t\t<h2 class=\"elementor-heading-title elementor-size-default\">Pourquoi louer un v\u00e9lo de route \u00e0 Alcudia ?<\/h2>\t\t\t\t<\/div>\n\t\t\t\t<\/div>\n\t\t\t\t<div class=\"elementor-element elementor-element-71a256b elementor-widget elementor-widget-text-editor\" data-id=\"71a256b\" data-element_type=\"widget\" data-widget_type=\"text-editor.default\">\n\t\t\t\t<div class=\"elementor-widget-container\">\n\t\t\t\t\t\t\t\t\t<p data-pm-slice=\"1 1 []\">La location d'un v\u00e9lo de route professionnel \u00e0 Alcudia offre une occasion unique de s'immerger dans la culture cycliste locale et de profiter au maximum des itin\u00e9raires cyclables \u00e0 couper le souffle de l'\u00eele. Alcudia, avec son terrain vari\u00e9 et ses paysages \u00e9poustouflants, est un paradis pour les amateurs de v\u00e9lo de route, et la location d'un v\u00e9lo de haute qualit\u00e9 est le meilleur moyen d'en savourer chaque instant, bien au-del\u00e0 de ce que les v\u00e9los de ville ordinaires peuvent offrir.<\/p><p>En optant pour le bon v\u00e9lo de route professionnel, vous pouvez \u00e9lever votre exp\u00e9rience cycliste \u00e0 de nouveaux sommets en parcourant les meilleurs itin\u00e9raires cyclables de l'\u00eele. Ces v\u00e9los sont sp\u00e9cialement con\u00e7us pour le cyclisme sur route, avec des mat\u00e9riaux et des composants de pointe qui garantissent une conduite souple, efficace et confortable. Soyez assur\u00e9 qu'ils sont m\u00e9ticuleusement entretenus pour garantir qu'ils sont toujours en parfait \u00e9tat, ce qui vous permet de vous concentrer uniquement sur le plaisir de p\u00e9daler.<\/p><p>Ne manquez pas l'occasion d'explorer les merveilles pittoresques d'Alcudia sur le v\u00e9lo de route id\u00e9al. Vivez l'\u00eele comme jamais auparavant et d\u00e9couvrez le v\u00e9ritable plaisir du cyclisme sur route gr\u00e2ce \u00e0 nos v\u00e9los de location haut de gamme. Pr\u00e9parez-vous \u00e0 p\u00e9daler pour vivre une aventure inoubliable \u00e0 Alcudia !<\/p>\t\t\t\t\t\t\t\t<\/div>\n\t\t\t\t<\/div>\n\t\t\t\t<div class=\"elementor-element elementor-element-a727c23 elementor-align-left elementor-mobile-align-center elementor-widget elementor-widget-button\" data-id=\"a727c23\" data-element_type=\"widget\" data-widget_type=\"button.default\">\n\t\t\t\t<div class=\"elementor-widget-container\">\n\t\t\t\t\t\t\t\t\t<div class=\"elementor-button-wrapper\">\n\t\t\t\t\t<a class=\"elementor-button elementor-button-link elementor-size-sm elementor-animation-float\" href=\"https:\/\/app.bikerentalmanager.com\/book.html?shop=ultimatebikehire&#038;lang=en\" target=\"_blank\" rel=\"noopener\">\n\t\t\t\t\t\t<span class=\"elementor-button-content-wrapper\">\n\t\t\t\t\t\t<span class=\"elementor-button-icon\">\n\t\t\t\t<svg aria-hidden=\"true\" class=\"e-font-icon-svg e-fas-arrow-circle-right\" viewbox=\"0 0 512 512\" xmlns=\"http:\/\/www.w3.org\/2000\/svg\"><path d=\"M256 8c137 0 248 111 248 248S393 504 256 504 8 393 8 256 119 8 256 8zm-28.9 143.6l75.5 72.4H120c-13.3 0-24 10.7-24 24v16c0 13.3 10.7 24 24 24h182.6l-75.5 72.4c-9.7 9.3-9.9 24.8-.4 34.3l11 10.9c9.4 9.4 24.6 9.4 33.9 0L404.3 273c9.4-9.4 9.4-24.6 0-33.9L271.6 106.3c-9.4-9.4-24.6-9.4-33.9 0l-11 10.9c-9.5 9.6-9.3 25.1.4 34.4z\"><\/path><\/svg>\t\t\t<\/span>\n\t\t\t\t\t\t\t\t\t<span class=\"elementor-button-text\">R\u00c9SERVATIONS<\/span>\n\t\t\t\t\t<\/span>\n\t\t\t\t\t<\/a>\n\t\t\t\t<\/div>\n\t\t\t\t\t\t\t\t<\/div>\n\t\t\t\t<\/div>\n\t\t\t\t<\/div>\n\t\t<div class=\"elementor-element elementor-element-0ccb03a e-con-full e-flex e-con e-parent\" data-id=\"0ccb03a\" data-element_type=\"container\">\n\t\t\t\t<div class=\"elementor-element elementor-element-13289c3 elementor-widget elementor-widget-image\" data-id=\"13289c3\" data-element_type=\"widget\" data-widget_type=\"image.default\">\n\t\t\t\t<div class=\"elementor-widget-container\">\n\t\t\t\t\t\t\t\t\t\t\t\t\t\t\t<img decoding=\"async\" width=\"768\" height=\"507\" src=\"https:\/\/www.ultimatebikehiremallorca.com\/wp-content\/uploads\/2023\/02\/Ultimate-Bike-Hire-Mallorca-Bike-Rental-Service-in-Mallorca-Horizontal-1-768x507.jpg\" class=\"attachment-medium_large size-medium_large wp-image-11920\" alt=\"Escapade \u00e0 Majorque, Puerto Pollensa pour des vacances \u00e0 v\u00e9lo\" srcset=\"https:\/\/www.ultimatebikehiremallorca.com\/wp-content\/uploads\/2023\/02\/Ultimate-Bike-Hire-Mallorca-Bike-Rental-Service-in-Mallorca-Horizontal-1-768x507.jpg 768w, https:\/\/www.ultimatebikehiremallorca.com\/wp-content\/uploads\/2023\/02\/Ultimate-Bike-Hire-Mallorca-Bike-Rental-Service-in-Mallorca-Horizontal-1-300x198.jpg 300w, https:\/\/www.ultimatebikehiremallorca.com\/wp-content\/uploads\/2023\/02\/Ultimate-Bike-Hire-Mallorca-Bike-Rental-Service-in-Mallorca-Horizontal-1-1024x676.jpg 1024w, https:\/\/www.ultimatebikehiremallorca.com\/wp-content\/uploads\/2023\/02\/Ultimate-Bike-Hire-Mallorca-Bike-Rental-Service-in-Mallorca-Horizontal-1-1536x1014.jpg 1536w, https:\/\/www.ultimatebikehiremallorca.com\/wp-content\/uploads\/2023\/02\/Ultimate-Bike-Hire-Mallorca-Bike-Rental-Service-in-Mallorca-Horizontal-1-18x12.jpg 18w, https:\/\/www.ultimatebikehiremallorca.com\/wp-content\/uploads\/2023\/02\/Ultimate-Bike-Hire-Mallorca-Bike-Rental-Service-in-Mallorca-Horizontal-1.jpg 1920w\" sizes=\"(max-width: 768px) 100vw, 768px\" \/>\t\t\t\t\t\t\t\t\t\t\t\t\t\t\t<\/div>\n\t\t\t\t<\/div>\n\t\t\t\t<\/div>\n\t\t\t\t\t<\/div>\n\t\t\t\t<\/div>\n\t\t<div class=\"elementor-element elementor-element-209a9e0 e-flex e-con-boxed e-con e-parent\" data-id=\"209a9e0\" data-element_type=\"container\">\n\t\t\t\t\t<div class=\"e-con-inner\">\n\t\t<div class=\"elementor-element elementor-element-fad6594 e-con-full e-flex e-con e-parent\" data-id=\"fad6594\" data-element_type=\"container\">\n\t\t\t\t<div class=\"elementor-element elementor-element-ced50bc elementor-widget elementor-widget-image\" data-id=\"ced50bc\" data-element_type=\"widget\" data-widget_type=\"image.default\">\n\t\t\t\t<div class=\"elementor-widget-container\">\n\t\t\t\t\t\t\t\t\t\t\t\t\t\t\t<img loading=\"lazy\" decoding=\"async\" width=\"768\" height=\"471\" src=\"https:\/\/www.ultimatebikehiremallorca.com\/wp-content\/uploads\/2023\/02\/Ultimate-Bike-Hire-Mallorca-Bike-Rental-Service-in-Mallorca-Horizontal-2-768x471.jpg\" class=\"attachment-medium_large size-medium_large wp-image-11921\" alt=\"D\u00e9couvrez les meilleurs v\u00e9los de route avec Ultimate Bike Hire Mallorca\" srcset=\"https:\/\/www.ultimatebikehiremallorca.com\/wp-content\/uploads\/2023\/02\/Ultimate-Bike-Hire-Mallorca-Bike-Rental-Service-in-Mallorca-Horizontal-2-768x471.jpg 768w, https:\/\/www.ultimatebikehiremallorca.com\/wp-content\/uploads\/2023\/02\/Ultimate-Bike-Hire-Mallorca-Bike-Rental-Service-in-Mallorca-Horizontal-2-1536x942.jpg 1536w, https:\/\/www.ultimatebikehiremallorca.com\/wp-content\/uploads\/2023\/02\/Ultimate-Bike-Hire-Mallorca-Bike-Rental-Service-in-Mallorca-Horizontal-2-300x184.jpg 300w, https:\/\/www.ultimatebikehiremallorca.com\/wp-content\/uploads\/2023\/02\/Ultimate-Bike-Hire-Mallorca-Bike-Rental-Service-in-Mallorca-Horizontal-2-1024x628.jpg 1024w, https:\/\/www.ultimatebikehiremallorca.com\/wp-content\/uploads\/2023\/02\/Ultimate-Bike-Hire-Mallorca-Bike-Rental-Service-in-Mallorca-Horizontal-2-18x12.jpg 18w, https:\/\/www.ultimatebikehiremallorca.com\/wp-content\/uploads\/2023\/02\/Ultimate-Bike-Hire-Mallorca-Bike-Rental-Service-in-Mallorca-Horizontal-2.jpg 1920w\" sizes=\"(max-width: 768px) 100vw, 768px\" \/>\t\t\t\t\t\t\t\t\t\t\t\t\t\t\t<\/div>\n\t\t\t\t<\/div>\n\t\t\t\t<\/div>\n\t\t<div class=\"elementor-element elementor-element-567df5a e-con-full e-flex elementor-invisible e-con e-parent\" data-id=\"567df5a\" data-element_type=\"container\" data-settings=\"{&quot;animation&quot;:&quot;fadeIn&quot;}\">\n\t\t\t\t<div class=\"elementor-element elementor-element-2a7d48b elementor-widget elementor-widget-heading\" data-id=\"2a7d48b\" data-element_type=\"widget\" data-widget_type=\"heading.default\">\n\t\t\t\t<div class=\"elementor-widget-container\">\n\t\t\t\t\t<h2 class=\"elementor-heading-title elementor-size-default\"><span style=\"margin-bottom: 0px;text-align: start\">O\u00f9 puis-je faire du v\u00e9lo \u00e0 Alcudia ?<\/span><span style=\"text-align: start\"><\/span><\/h2>\t\t\t\t<\/div>\n\t\t\t\t<\/div>\n\t\t\t\t<div class=\"elementor-element elementor-element-37e1a86 elementor-widget elementor-widget-text-editor\" data-id=\"37e1a86\" data-element_type=\"widget\" data-widget_type=\"text-editor.default\">\n\t\t\t\t<div class=\"elementor-widget-container\">\n\t\t\t\t\t\t\t\t\t<p data-pm-slice=\"1 1 []\">Alcudia, comme Majorque, s\u00e9duit les amateurs de cyclisme avec des itin\u00e9raires vari\u00e9s pour tous les niveaux. Relevez le d\u00e9fi de Sa Calobra, une ascension sinueuse de 29 km \u00e0 travers les montagnes de Tramuntana, avec un d\u00e9nivel\u00e9 de 940 m\u00e8tres.<\/p><p>D\u00e9couvrez la route embl\u00e9matique du Cap Formentor le long de la c\u00f4te nord, un parcours de 50 km avec 740 m d'altitude, offrant des vues \u00e0 couper le souffle sur la mer M\u00e9diterran\u00e9e.<\/p><p>L'itin\u00e9raire Pollensa-Sa Calobra allie la beaut\u00e9 des montagnes et le charme des petites villes, sur une distance de 63 km et avec un d\u00e9nivel\u00e9 de 1 180 m\u00e8tres.<\/p><p>Pour les longues distances, explorez les routes plates de la c\u00f4te est, comme la route de 80 km entre Palma et Art\u00e1.<\/p><p>La c\u00f4te ouest d\u00e9voile une route \u00e9tonnante de 100 km avec 500 m de d\u00e9nivel\u00e9.<\/p><p>N'oubliez pas d'apporter de l'eau, des en-cas, un casque, des \u00e9quipements de s\u00e9curit\u00e9 et des v\u00eatements adapt\u00e9s aux conditions m\u00e9t\u00e9orologiques.<\/p><p>Lib\u00e9rez le cycliste qui sommeille en vous \u00e0 Alcudia !<\/p>\t\t\t\t\t\t\t\t<\/div>\n\t\t\t\t<\/div>\n\t\t\t\t<div class=\"elementor-element elementor-element-85e6bf8 elementor-align-left elementor-mobile-align-center elementor-widget elementor-widget-button\" data-id=\"85e6bf8\" data-element_type=\"widget\" data-widget_type=\"button.default\">\n\t\t\t\t<div class=\"elementor-widget-container\">\n\t\t\t\t\t\t\t\t\t<div class=\"elementor-button-wrapper\">\n\t\t\t\t\t<a class=\"elementor-button elementor-button-link elementor-size-sm elementor-animation-float\" href=\"https:\/\/app.bikerentalmanager.com\/book.html?shop=ultimatebikehire&#038;lang=en\" target=\"_blank\" rel=\"noopener\">\n\t\t\t\t\t\t<span class=\"elementor-button-content-wrapper\">\n\t\t\t\t\t\t<span class=\"elementor-button-icon\">\n\t\t\t\t<svg aria-hidden=\"true\" class=\"e-font-icon-svg e-fas-arrow-circle-right\" viewbox=\"0 0 512 512\" xmlns=\"http:\/\/www.w3.org\/2000\/svg\"><path d=\"M256 8c137 0 248 111 248 248S393 504 256 504 8 393 8 256 119 8 256 8zm-28.9 143.6l75.5 72.4H120c-13.3 0-24 10.7-24 24v16c0 13.3 10.7 24 24 24h182.6l-75.5 72.4c-9.7 9.3-9.9 24.8-.4 34.3l11 10.9c9.4 9.4 24.6 9.4 33.9 0L404.3 273c9.4-9.4 9.4-24.6 0-33.9L271.6 106.3c-9.4-9.4-24.6-9.4-33.9 0l-11 10.9c-9.5 9.6-9.3 25.1.4 34.4z\"><\/path><\/svg>\t\t\t<\/span>\n\t\t\t\t\t\t\t\t\t<span class=\"elementor-button-text\">R\u00c9SERVATIONS<\/span>\n\t\t\t\t\t<\/span>\n\t\t\t\t\t<\/a>\n\t\t\t\t<\/div>\n\t\t\t\t\t\t\t\t<\/div>\n\t\t\t\t<\/div>\n\t\t\t\t<\/div>\n\t\t\t\t\t<\/div>\n\t\t\t\t<\/div>\n\t\t<div class=\"elementor-element elementor-element-51b4eb8 e-flex e-con-boxed e-con e-parent\" data-id=\"51b4eb8\" data-element_type=\"container\" data-settings=\"{&quot;background_background&quot;:&quot;gradient&quot;}\">\n\t\t\t\t\t<div class=\"e-con-inner\">\n\t\t\t\t<div class=\"elementor-element elementor-element-a0d52c1 elementor-widget elementor-widget-heading\" data-id=\"a0d52c1\" data-element_type=\"widget\" data-widget_type=\"heading.default\">\n\t\t\t\t<div class=\"elementor-widget-container\">\n\t\t\t\t\t<h2 class=\"elementor-heading-title elementor-size-default\">Si vous avez des questions<br>\nVeuillez nous contacter<\/h2>\t\t\t\t<\/div>\n\t\t\t\t<\/div>\n\t\t<div class=\"elementor-element elementor-element-128805c e-con-full e-flex e-con e-parent\" data-id=\"128805c\" data-element_type=\"container\">\n\t\t<div class=\"elementor-element elementor-element-9fa5a85 e-con-full e-flex e-con e-parent\" data-id=\"9fa5a85\" data-element_type=\"container\" data-settings=\"{&quot;background_background&quot;:&quot;classic&quot;}\">\n\t\t\t\t<div class=\"elementor-element elementor-element-0aa3f70 elementor-widget elementor-widget-html\" data-id=\"0aa3f70\" data-element_type=\"widget\" data-widget_type=\"html.default\">\n\t\t\t\t<div class=\"elementor-widget-container\">\n\t\t\t\t\t<iframe src=\"https:\/\/www.google.com\/maps\/embed?pb=!1m14!1m8!1m3!1d12248.270608728018!2d3.0122389!3d39.8727225!3m2!1i1024!2i768!4f13.1!3m3!1m2!1s0x1297d51d438005fb%3A0xdde57dfddcc5230c!2sULTIMATE%20BIKE%20HIRE!5e0!3m2!1ses!2ses!4v1677926284008!5m2!1ses!2ses\" width=\"400\" height=\"250\" style=\"border:0;\" allowfullscreen=\"\" loading=\"lazy\" referrerpolicy=\"no-referrer-when-downgrade\">UNIT\u00c9 \u00c0 L'ARRI\u00c8RE de, Carrer del Roser Vell, 125,\r\nOF 125, 07460 Pollen\u00e7a, Illes Balearsw<\/iframe>\t\t\t\t<\/div>\n\t\t\t\t<\/div>\n\t\t<div class=\"elementor-element elementor-element-e7d31ae e-flex e-con-boxed e-con e-parent\" data-id=\"e7d31ae\" data-element_type=\"container\">\n\t\t\t\t\t<div class=\"e-con-inner\">\n\t\t\t\t<div class=\"elementor-element elementor-element-1e24f1e elementor-widget elementor-widget-heading\" data-id=\"1e24f1e\" data-element_type=\"widget\" data-widget_type=\"heading.default\">\n\t\t\t\t<div class=\"elementor-widget-container\">\n\t\t\t\t\t<h3 class=\"elementor-heading-title elementor-size-default\">Location de v\u00e9los Ultimate Mallorca<\/h3>\t\t\t\t<\/div>\n\t\t\t\t<\/div>\n\t\t\t\t<div class=\"elementor-element elementor-element-a8b237c elementor-widget elementor-widget-button\" data-id=\"a8b237c\" data-element_type=\"widget\" data-widget_type=\"button.default\">\n\t\t\t\t<div class=\"elementor-widget-container\">\n\t\t\t\t\t\t\t\t\t<div class=\"elementor-button-wrapper\">\n\t\t\t\t\t<a class=\"elementor-button elementor-button-link elementor-size-sm\" href=\"tel: 44 7984 128594\">\n\t\t\t\t\t\t<span class=\"elementor-button-content-wrapper\">\n\t\t\t\t\t\t<span class=\"elementor-button-icon\">\n\t\t\t\t<svg aria-hidden=\"true\" class=\"e-font-icon-svg e-fas-phone\" viewbox=\"0 0 512 512\" xmlns=\"http:\/\/www.w3.org\/2000\/svg\"><path d=\"M493.4 24.6l-104-24c-11.3-2.6-22.9 3.3-27.5 13.9l-48 112c-4.2 9.8-1.4 21.3 6.9 28l60.6 49.6c-36 76.7-98.9 140.5-177.2 177.2l-49.6-60.6c-6.8-8.3-18.2-11.1-28-6.9l-112 48C3.9 366.5-2 378.1.6 389.4l24 104C27.1 504.2 36.7 512 48 512c256.1 0 464-207.5 464-464 0-11.2-7.7-20.9-18.6-23.4z\"><\/path><\/svg>\t\t\t<\/span>\n\t\t\t\t\t\t\t\t\t<span class=\"elementor-button-text\">+44 7984 128594<\/span>\n\t\t\t\t\t<\/span>\n\t\t\t\t\t<\/a>\n\t\t\t\t<\/div>\n\t\t\t\t\t\t\t\t<\/div>\n\t\t\t\t<\/div>\n\t\t\t\t<div class=\"elementor-element elementor-element-fc3305d elementor-widget elementor-widget-button\" data-id=\"fc3305d\" data-element_type=\"widget\" data-widget_type=\"button.default\">\n\t\t\t\t<div class=\"elementor-widget-container\">\n\t\t\t\t\t\t\t\t\t<div class=\"elementor-button-wrapper\">\n\t\t\t\t\t<a class=\"elementor-button elementor-button-link elementor-size-sm\" href=\"mailto:ultimatebikehire@aol.com\">\n\t\t\t\t\t\t<span class=\"elementor-button-content-wrapper\">\n\t\t\t\t\t\t<span class=\"elementor-button-icon\">\n\t\t\t\t<svg aria-hidden=\"true\" class=\"e-font-icon-svg e-far-envelope-open\" viewbox=\"0 0 512 512\" xmlns=\"http:\/\/www.w3.org\/2000\/svg\"><path d=\"M494.586 164.516c-4.697-3.883-111.723-89.95-135.251-108.657C337.231 38.191 299.437 0 256 0c-43.205 0-80.636 37.717-103.335 55.859-24.463 19.45-131.07 105.195-135.15 108.549A48.004 48.004 0 0 0 0 201.485V464c0 26.51 21.49 48 48 48h416c26.51 0 48-21.49 48-48V201.509a48 48 0 0 0-17.414-36.993zM464 458a6 6 0 0 1-6 6H54a6 6 0 0 1-6-6V204.347c0-1.813.816-3.526 2.226-4.665 15.87-12.814 108.793-87.554 132.364-106.293C200.755 78.88 232.398 48 256 48c23.693 0 55.857 31.369 73.41 45.389 23.573 18.741 116.503 93.493 132.366 106.316a5.99 5.99 0 0 1 2.224 4.663V458zm-31.991-187.704c4.249 5.159 3.465 12.795-1.745 16.981-28.975 23.283-59.274 47.597-70.929 56.863C336.636 362.283 299.205 400 256 400c-43.452 0-81.287-38.237-103.335-55.86-11.279-8.967-41.744-33.413-70.927-56.865-5.21-4.187-5.993-11.822-1.745-16.981l15.258-18.528c4.178-5.073 11.657-5.843 16.779-1.726 28.618 23.001 58.566 47.035 70.56 56.571C200.143 320.631 232.307 352 256 352c23.602 0 55.246-30.88 73.41-45.389 11.994-9.535 41.944-33.57 70.563-56.568 5.122-4.116 12.601-3.346 16.778 1.727l15.258 18.526z\"><\/path><\/svg>\t\t\t<\/span>\n\t\t\t\t\t\t\t\t\t<span class=\"elementor-button-text\">ultimatebikehire@aol.com<\/span>\n\t\t\t\t\t<\/span>\n\t\t\t\t\t<\/a>\n\t\t\t\t<\/div>\n\t\t\t\t\t\t\t\t<\/div>\n\t\t\t\t<\/div>\n\t\t\t\t<div class=\"elementor-element elementor-element-33ac114 elementor-widget elementor-widget-text-editor\" data-id=\"33ac114\" data-element_type=\"widget\" data-widget_type=\"text-editor.default\">\n\t\t\t\t<div class=\"elementor-widget-container\">\n\t\t\t\t\t\t\t\t\t<p><strong>UNIT\u00c9 \u00c0 L'ARRI\u00c8RE de, Carrer del Roser Vell, 125,<\/strong><br \/><strong>OF 125, 07460 Pollen\u00e7a, Illes Balearsw<\/strong><\/p>\t\t\t\t\t\t\t\t<\/div>\n\t\t\t\t<\/div>\n\t\t\t\t\t<\/div>\n\t\t\t\t<\/div>\n\t\t\t\t<\/div>\n\t\t<div class=\"elementor-element elementor-element-2d938d8 e-con-full e-flex e-con e-parent\" data-id=\"2d938d8\" data-element_type=\"container\" data-settings=\"{&quot;background_background&quot;:&quot;classic&quot;}\">\n\t\t\t\t<div class=\"elementor-element elementor-element-3fc330e elementor-widget elementor-widget-html\" data-id=\"3fc330e\" data-element_type=\"widget\" data-widget_type=\"html.default\">\n\t\t\t\t<div class=\"elementor-widget-container\">\n\t\t\t\t\t<iframe src=\"https:\/\/www.google.com\/maps\/embed?pb=!1m14!1m8!1m3!1d12242.803065911565!2d3.0670519!3d39.9033314!3m2!1i1024!2i768!4f13.1!3m3!1m2!1s0x1297d5033473b7ef%3A0xcc04fdb6bec69c1b!2sAparthotel%20Duva%20%26%20Spa!5e0!3m2!1ses!2ses!4v1678043848466!5m2!1ses!2ses\" width=\"400\" height=\"250\" style=\"border:0;\" allowfullscreen=\"\" loading=\"lazy\" referrerpolicy=\"no-referrer-when-downgrade\">Ctra. Palma a Puerto Pollen\u00e7a, KM.58,\r\n07470 Port de Pollen\u00e7a, Illes Balears<\/iframe>\t\t\t\t<\/div>\n\t\t\t\t<\/div>\n\t\t<div class=\"elementor-element elementor-element-9c7a131 e-flex e-con-boxed e-con e-parent\" data-id=\"9c7a131\" data-element_type=\"container\">\n\t\t\t\t\t<div class=\"e-con-inner\">\n\t\t\t\t<div class=\"elementor-element elementor-element-44bc65c elementor-widget elementor-widget-heading\" data-id=\"44bc65c\" data-element_type=\"widget\" data-widget_type=\"heading.default\">\n\t\t\t\t<div class=\"elementor-widget-container\">\n\t\t\t\t\t<h2 class=\"elementor-heading-title elementor-size-default\">Aparthotel Duva &amp; Spa<\/h2>\t\t\t\t<\/div>\n\t\t\t\t<\/div>\n\t\t\t\t<div class=\"elementor-element elementor-element-54d622b elementor-widget elementor-widget-button\" data-id=\"54d622b\" data-element_type=\"widget\" data-widget_type=\"button.default\">\n\t\t\t\t<div class=\"elementor-widget-container\">\n\t\t\t\t\t\t\t\t\t<div class=\"elementor-button-wrapper\">\n\t\t\t\t\t<a class=\"elementor-button elementor-button-link elementor-size-sm\" href=\"tel: 44 7984 128594\">\n\t\t\t\t\t\t<span class=\"elementor-button-content-wrapper\">\n\t\t\t\t\t\t<span class=\"elementor-button-icon\">\n\t\t\t\t<svg aria-hidden=\"true\" class=\"e-font-icon-svg e-fas-phone\" viewbox=\"0 0 512 512\" xmlns=\"http:\/\/www.w3.org\/2000\/svg\"><path d=\"M493.4 24.6l-104-24c-11.3-2.6-22.9 3.3-27.5 13.9l-48 112c-4.2 9.8-1.4 21.3 6.9 28l60.6 49.6c-36 76.7-98.9 140.5-177.2 177.2l-49.6-60.6c-6.8-8.3-18.2-11.1-28-6.9l-112 48C3.9 366.5-2 378.1.6 389.4l24 104C27.1 504.2 36.7 512 48 512c256.1 0 464-207.5 464-464 0-11.2-7.7-20.9-18.6-23.4z\"><\/path><\/svg>\t\t\t<\/span>\n\t\t\t\t\t\t\t\t\t<span class=\"elementor-button-text\">+44 7984 128594<\/span>\n\t\t\t\t\t<\/span>\n\t\t\t\t\t<\/a>\n\t\t\t\t<\/div>\n\t\t\t\t\t\t\t\t<\/div>\n\t\t\t\t<\/div>\n\t\t\t\t<div class=\"elementor-element elementor-element-5fa55e1 elementor-widget elementor-widget-button\" data-id=\"5fa55e1\" data-element_type=\"widget\" data-widget_type=\"button.default\">\n\t\t\t\t<div class=\"elementor-widget-container\">\n\t\t\t\t\t\t\t\t\t<div class=\"elementor-button-wrapper\">\n\t\t\t\t\t<a class=\"elementor-button elementor-button-link elementor-size-sm\" href=\"mailto:ultimatebikehire@aol.com\">\n\t\t\t\t\t\t<span class=\"elementor-button-content-wrapper\">\n\t\t\t\t\t\t<span class=\"elementor-button-icon\">\n\t\t\t\t<svg aria-hidden=\"true\" class=\"e-font-icon-svg e-far-envelope-open\" viewbox=\"0 0 512 512\" xmlns=\"http:\/\/www.w3.org\/2000\/svg\"><path d=\"M494.586 164.516c-4.697-3.883-111.723-89.95-135.251-108.657C337.231 38.191 299.437 0 256 0c-43.205 0-80.636 37.717-103.335 55.859-24.463 19.45-131.07 105.195-135.15 108.549A48.004 48.004 0 0 0 0 201.485V464c0 26.51 21.49 48 48 48h416c26.51 0 48-21.49 48-48V201.509a48 48 0 0 0-17.414-36.993zM464 458a6 6 0 0 1-6 6H54a6 6 0 0 1-6-6V204.347c0-1.813.816-3.526 2.226-4.665 15.87-12.814 108.793-87.554 132.364-106.293C200.755 78.88 232.398 48 256 48c23.693 0 55.857 31.369 73.41 45.389 23.573 18.741 116.503 93.493 132.366 106.316a5.99 5.99 0 0 1 2.224 4.663V458zm-31.991-187.704c4.249 5.159 3.465 12.795-1.745 16.981-28.975 23.283-59.274 47.597-70.929 56.863C336.636 362.283 299.205 400 256 400c-43.452 0-81.287-38.237-103.335-55.86-11.279-8.967-41.744-33.413-70.927-56.865-5.21-4.187-5.993-11.822-1.745-16.981l15.258-18.528c4.178-5.073 11.657-5.843 16.779-1.726 28.618 23.001 58.566 47.035 70.56 56.571C200.143 320.631 232.307 352 256 352c23.602 0 55.246-30.88 73.41-45.389 11.994-9.535 41.944-33.57 70.563-56.568 5.122-4.116 12.601-3.346 16.778 1.727l15.258 18.526z\"><\/path><\/svg>\t\t\t<\/span>\n\t\t\t\t\t\t\t\t\t<span class=\"elementor-button-text\">ultimatebikehire@aol.com<\/span>\n\t\t\t\t\t<\/span>\n\t\t\t\t\t<\/a>\n\t\t\t\t<\/div>\n\t\t\t\t\t\t\t\t<\/div>\n\t\t\t\t<\/div>\n\t\t\t\t<div class=\"elementor-element elementor-element-e602007 elementor-widget elementor-widget-text-editor\" data-id=\"e602007\" data-element_type=\"widget\" data-widget_type=\"text-editor.default\">\n\t\t\t\t<div class=\"elementor-widget-container\">\n\t\t\t\t\t\t\t\t\t<p><span style=\"font-weight: bold; margin-bottom: 0px; color: #282c3d; white-space-collapse: preserve;\">Ctra. Palma a Puerto Pollen\u00e7a, KM.58, <br \/>07470 Port de Pollen\u00e7a, Illes Balears<\/span><\/p>\t\t\t\t\t\t\t\t<\/div>\n\t\t\t\t<\/div>\n\t\t\t\t\t<\/div>\n\t\t\t\t<\/div>\n\t\t\t\t<\/div>\n\t\t\t\t<\/div>\n\t\t<div class=\"elementor-element elementor-element-0893921 e-con-full e-flex e-con e-parent\" data-id=\"0893921\" data-element_type=\"container\" data-settings=\"{&quot;background_background&quot;:&quot;classic&quot;}\">\n\t\t\t\t<div class=\"elementor-element elementor-element-90dd5b4 elementor-widget elementor-widget-heading\" data-id=\"90dd5b4\" data-element_type=\"widget\" data-widget_type=\"heading.default\">\n\t\t\t\t<div class=\"elementor-widget-container\">\n\t\t\t\t\t<h2 class=\"elementor-heading-title elementor-size-default\">Formulaire de contact<\/h2>\t\t\t\t<\/div>\n\t\t\t\t<\/div>\n\t\t\t\t<div class=\"elementor-element elementor-element-b81c4c2 elementor-widget-divider--view-line elementor-widget elementor-widget-divider\" data-id=\"b81c4c2\" data-element_type=\"widget\" data-widget_type=\"divider.default\">\n\t\t\t\t<div class=\"elementor-widget-container\">\n\t\t\t\t\t\t\t<div class=\"elementor-divider\">\n\t\t\t<span class=\"elementor-divider-separator\">\n\t\t\t\t\t\t<\/span>\n\t\t<\/div>\n\t\t\t\t\t\t<\/div>\n\t\t\t\t<\/div>\n\t\t\t\t<div class=\"elementor-element elementor-element-d03781e elementor-button-align-stretch elementor-widget elementor-widget-form\" data-id=\"d03781e\" data-element_type=\"widget\" data-settings=\"{&quot;step_next_label&quot;:&quot;Next&quot;,&quot;step_previous_label&quot;:&quot;Previous&quot;,&quot;button_width&quot;:&quot;100&quot;,&quot;step_type&quot;:&quot;number_text&quot;,&quot;step_icon_shape&quot;:&quot;circle&quot;}\" data-widget_type=\"form.default\">\n\t\t\t\t<div class=\"elementor-widget-container\">\n\t\t\t\t\t\t\t<form class=\"elementor-form\" method=\"post\" name=\"New Form\" aria-label=\"Nouveau formulaire\" action=\"\">\n\t\t\t<input type=\"hidden\" name=\"post_id\" value=\"12934\"\/>\n\t\t\t<input type=\"hidden\" name=\"form_id\" value=\"d03781e\"\/>\n\t\t\t<input type=\"hidden\" name=\"referer_title\" value=\"\u25b7 Bike Hire Alcudia \u2022 Bikes Delivered to Your Location\" \/>\n\n\t\t\t\t\t\t\t<input type=\"hidden\" name=\"queried_id\" value=\"12934\"\/>\n\t\t\t\n\t\t\t<div class=\"elementor-form-fields-wrapper elementor-labels-above\">\n\t\t\t\t\t\t\t\t<div class=\"elementor-field-type-text elementor-field-group elementor-column elementor-field-group-name elementor-col-100\">\n\t\t\t\t\t\t\t\t\t\t\t\t<label for=\"form-field-name\" class=\"elementor-field-label\">\n\t\t\t\t\t\t\t\tNom\t\t\t\t\t\t\t<\/label>\n\t\t\t\t\t\t\t\t\t\t\t\t\t\t<input size=\"1\" type=\"text\" name=\"form_fields[name]\" id=\"form-field-name\" class=\"elementor-field elementor-size-sm  elementor-field-textual\" placeholder=\"Nom\">\n\t\t\t\t\t\t\t\t\t\t\t<\/div>\n\t\t\t\t\t\t\t\t<div class=\"elementor-field-type-email elementor-field-group elementor-column elementor-field-group-email elementor-col-100 elementor-field-required\">\n\t\t\t\t\t\t\t\t\t\t\t\t<label for=\"form-field-email\" class=\"elementor-field-label\">\n\t\t\t\t\t\t\t\tCourriel\t\t\t\t\t\t\t<\/label>\n\t\t\t\t\t\t\t\t\t\t\t\t\t\t<input size=\"1\" type=\"email\" name=\"form_fields[email]\" id=\"form-field-email\" class=\"elementor-field elementor-size-sm  elementor-field-textual\" placeholder=\"Courriel\" required=\"required\">\n\t\t\t\t\t\t\t\t\t\t\t<\/div>\n\t\t\t\t\t\t\t\t<div class=\"elementor-field-type-textarea elementor-field-group elementor-column elementor-field-group-message elementor-col-100\">\n\t\t\t\t\t\t\t\t\t\t\t\t<label for=\"form-field-message\" class=\"elementor-field-label\">\n\t\t\t\t\t\t\t\tMessage\t\t\t\t\t\t\t<\/label>\n\t\t\t\t\t\t<textarea class=\"elementor-field-textual elementor-field  elementor-size-sm\" name=\"form_fields[message]\" id=\"form-field-message\" rows=\"4\" placeholder=\"Message\"><\/textarea>\t\t\t\t<\/div>\n\t\t\t\t\t\t\t\t<div class=\"elementor-field-group elementor-column elementor-field-type-submit elementor-col-100 e-form__buttons\">\n\t\t\t\t\t<button class=\"elementor-button elementor-size-sm\" type=\"submit\">\n\t\t\t\t\t\t<span class=\"elementor-button-content-wrapper\">\n\t\t\t\t\t\t\t\t\t\t\t\t\t\t\t\t\t\t\t\t\t\t<span class=\"elementor-button-text\">Envoyer<\/span>\n\t\t\t\t\t\t\t\t\t\t\t\t\t<\/span>\n\t\t\t\t\t<\/button>\n\t\t\t\t<\/div>\n\t\t\t<\/div>\n\t\t<input type=\"hidden\" name=\"trp-form-language\" value=\"fr\"\/><\/form>\n\t\t\t\t\t\t<\/div>\n\t\t\t\t<\/div>\n\t\t\t\t<\/div>\n\t\t\t\t\t<\/div>\n\t\t\t\t<\/div>\n\t\t\t\t<\/div>","protected":false},"excerpt":{"rendered":"<p>Location de v\u00e9los de route Alcudia, livr\u00e9s \u00e0 votre h\u00e9bergement D\u00e9couvrez le meilleur de la location de v\u00e9los \u00e0 Alcudia - votre porte d'entr\u00e9e pour le cyclisme de qualit\u00e9 au paradis. Des v\u00e9los de qualit\u00e9 pour tous, d\u00e9couvrez les merveilles du Port d'Alcudia sur deux roues. R\u00c9SERVEZ VOS V\u00c9LOS Bienvenue \u00e0 notre location de v\u00e9los \u00e0 Alcudia Bienvenue \u00e0 notre location de v\u00e9los sp\u00e9cialis\u00e9e \u00e0 Alcudia ! En tant que passionn\u00e9s [...]<\/p>","protected":false},"author":1,"featured_media":12086,"parent":0,"menu_order":0,"comment_status":"closed","ping_status":"closed","template":"elementor_header_footer","meta":{"footnotes":""},"class_list":["post-12934","page","type-page","status-publish","has-post-thumbnail","hentry"],"_links":{"self":[{"href":"https:\/\/www.ultimatebikehiremallorca.com\/fr\/wp-json\/wp\/v2\/pages\/12934","targetHints":{"allow":["GET"]}}],"collection":[{"href":"https:\/\/www.ultimatebikehiremallorca.com\/fr\/wp-json\/wp\/v2\/pages"}],"about":[{"href":"https:\/\/www.ultimatebikehiremallorca.com\/fr\/wp-json\/wp\/v2\/types\/page"}],"author":[{"embeddable":true,"href":"https:\/\/www.ultimatebikehiremallorca.com\/fr\/wp-json\/wp\/v2\/users\/1"}],"replies":[{"embeddable":true,"href":"https:\/\/www.ultimatebikehiremallorca.com\/fr\/wp-json\/wp\/v2\/comments?post=12934"}],"version-history":[{"count":0,"href":"https:\/\/www.ultimatebikehiremallorca.com\/fr\/wp-json\/wp\/v2\/pages\/12934\/revisions"}],"wp:featuredmedia":[{"embeddable":true,"href":"https:\/\/www.ultimatebikehiremallorca.com\/fr\/wp-json\/wp\/v2\/media\/12086"}],"wp:attachment":[{"href":"https:\/\/www.ultimatebikehiremallorca.com\/fr\/wp-json\/wp\/v2\/media?parent=12934"}],"curies":[{"name":"wp","href":"https:\/\/api.w.org\/{rel}","templated":true}]}}